{"id":112,"date":"2025-09-08T17:19:45","date_gmt":"2025-09-08T15:19:45","guid":{"rendered":"https:\/\/drkrupp.se\/hifi\/?page_id=112"},"modified":"2025-09-27T22:22:51","modified_gmt":"2025-09-27T20:22:51","slug":"impedans-och-fasgang","status":"publish","type":"page","link":"https:\/\/drkrupp.se\/hifi\/grunderna\/impedans-och-fasgang\/","title":{"rendered":"Impedans och fasg\u00e5ng"},"content":{"rendered":"\n<p class=\"has-small-font-size wp-block-paragraph\"><a href=\"https:\/\/drkrupp.se\/hifi\/\" data-type=\"page\" data-id=\"10\">Hem<\/a> > <a href=\"https:\/\/drkrupp.se\/hifi\/grunderna\/\" data-type=\"page\" data-id=\"66\">Grunderna<\/a> > Impedans och fasg\u00e5ng<\/p>\n\n\n\n<h2 class=\"wp-block-heading\">Vad \u00e4r impedans?<\/h2>\n\n\n\n<p class=\"is-style-text-annotation has-accent-3-background-color has-background is-style-text-annotation--1 wp-block-paragraph\">Varf\u00f6r m\u00e5ste elementen ha ett visst motst\u00e5nd? Vore det inte b\u00e4ttre om det var &#8220;fritt fram&#8221; f\u00f6r effekten?<\/p>\n\n\n\n<p class=\"wp-block-paragraph\">Impedans kan \u00f6vers\u00e4ttas med &#8220;v\u00e4xelstr\u00f6msmotst\u00e5nd&#8221;. En h\u00f6gtalare som t ex har 8 ohms impedans fungerar i en v\u00e4xelstr\u00f6mskrets p\u00e5 samma s\u00e4tt som ett 8 ohms s k resistivt motst\u00e5nd i en likstr\u00f6mskrets.&nbsp;I de flesta fall \u00e4ndrar sig impedansens v\u00e4rde med frekvensen. Detta kan illustreras med en s k impedanskurva i. Kurvan visar att det exakta v\u00e4rdet 8 ohm intr\u00e4ffar endast vid n\u00e5gra f\u00e5 frekvenser. N\u00e4r man anger en h\u00f6gtalares s k <em>nominella <\/em>impedans &#8211; i detta fall 8 ohm &#8211; \u00e4r det n\u00e4rmast medelv\u00e4rdet som avses.<\/p>\n\n\n\n<h2 class=\"wp-block-heading\">F\u00f6rst\u00e4rkarens uteffekt<\/h2>\n\n\n\n<p class=\"wp-block-paragraph\">En HiFi-f\u00f6rst\u00e4rkares uteffekt anges vanligen b\u00e5de f\u00f6r 4 och 8 ohms impedans. I de allra flesta fall \u00e4r uteffekten mindre vid 8 ohm \u00e4n vid 4 ohm. Detta \u00e4r en f\u00f6ljd av att f\u00f6rst\u00e4rkaren inte i f\u00f6rsta hand levererar en effekt utan en sp\u00e4nning och att denna i normala HiFi-f\u00f6rst\u00e4rkare \u00e4r konstant och i huvudsak oberoende av impedansens v\u00e4rde. N\u00e4r impedansen g\u00f6rs mindre kommer d\u00e4rf\u00f6r str\u00f6mmen att \u00f6ka och f\u00f6ljaktligen \u00f6kar ocks\u00e5 uteffekten.&nbsp;Det \u00e4r d\u00e5 uppenbart att den effekt som avges till h\u00f6gtalaren med varierande impedansf\u00f6rlopp varierar med frekvensen. Detta kanske verkar vara en nackdel, men det har inte s\u00e5 stor betydelse. H\u00f6gtalarens <em>verkningsgrad<\/em> kan n\u00e4mligen ocks\u00e5 variera med frekvensen.<\/p>\n\n\n\n<h2 class=\"wp-block-heading\">\u00d6verbelastad f\u00f6rst\u00e4rkare<\/h2>\n\n\n\n<p class=\"wp-block-paragraph\">Minskar man en f\u00f6rst\u00e4rkares belastningsimpedans under en viss gr\u00e4ns kommer f\u00f6rst\u00e4rkaren att bli \u00f6verbelastad. F\u00f6r att detta inte ska skada f\u00f6rst\u00e4rkaren l\u00e5ter man vissa skyddskretsar automatiskt reducera effekten till ett ofarligt v\u00e4rde. Exakt n\u00e4r skyddsverkan s\u00e4tter in best\u00e4ms av f\u00f6rst\u00e4rkarens dimensionering och \u00e4r allts\u00e5 olika f\u00f6r olika typer.&nbsp;F\u00f6r alla apparater g\u00e4ller dock att det finns en viss l\u00e4gsta impedans under vilken angivna data inte l\u00e4ngre g\u00e4ller. Det \u00e4r d\u00e5 inte bara effekten som minskar, \u00e4ven distorsionen kan snabbt \u00f6ka till avsev\u00e4rda v\u00e4rden.&nbsp;<\/p>\n\n\n\n<p class=\"wp-block-paragraph\">Om man allts\u00e5 r\u00e5kar anv\u00e4nda h\u00f6gtalare som i sin &#8220;kritiska&#8221; punkt i impedansf\u00f6rloppet understiger f\u00f6rst\u00e4rkarens l\u00e4gsta till\u00e5tna belastningsimpedans, kan man f\u00e5 helt felaktiga data och en kraftig p\u00e5verkan av ljudkvaliteten.<\/p>\n\n\n\n<h2 class=\"wp-block-heading\">Faskurvan ytterligare en komplikation<\/h2>\n\n\n\n<p class=\"wp-block-paragraph\">Impedansen har \u00e4ven en s k <em>fasvinkel<\/em>. Vi ska inte g\u00e5 in p\u00e5 vad detta teoretiskt inneb\u00e4r. Vi n\u00f6jer oss med att p\u00e5st\u00e5 att avvikelser fr\u00e5n fasvinkeln noll betyder att f\u00f6rst\u00e4rkaren belastas p\u00e5 ett s\u00e5dant s\u00e4tt att den kan f\u00e5 sv\u00e5rare att avge full effekt med bibeh\u00e5llen l\u00e5g <a href=\"https:\/\/drkrupp.se\/hifi\/den-fardiga-ladan\/distorsion\/\" data-type=\"page\" data-id=\"315\">distorsion<\/a>. Det \u00e4r allts\u00e5 \u00f6nskv\u00e4rt att faskurvan ligger omkring 0 grader.&nbsp;Det farligaste f\u00f6r en f\u00f6rst\u00e4rkare \u00e4r en samtidig l\u00e5g impedans och h\u00f6g fasvinkel. Generellt kan man s\u00e4ga att fina och dyra f\u00f6rst\u00e4rkare \u00e4r relativt ok\u00e4nsliga f\u00f6r variationer i impedans och fas men att billigare f\u00f6rst\u00e4rkare oftare kan ge en l\u00e5g effekt och h\u00f6g distorsion vid ol\u00e4mplig belastning. H\u00e4r \u00e4r det dock stora skillnader mellan olika f\u00f6rst\u00e4rkare.<\/p>\n\n\n\n<h2 class=\"wp-block-heading\">Elektriskt faslinj\u00e4ra h\u00f6gtalare<\/h2>\n\n\n\n<p class=\"wp-block-paragraph\">Genom noggrann konstruktion kan man \u00e5stadkomma h\u00f6gtalare med en konstant impedans \u00f6ver st\u00f6rre delen av frekvensomr\u00e5det och en faskurva som samtidigt ligger n\u00e4ra noll.&nbsp;I basomr\u00e5det f\u00e5r man dock alltid en \u00f6kning av impedansen och det har att g\u00f6ra med mekaniska resonansfenomen i baselement och l\u00e5da. Denna impedanstopp motverkas dock av en motsvarande h\u00f6gre verkningsgrad vid samma frekvens. En h\u00f6g impedans \u00e4r inte heller farligt som belastning p\u00e5 en f\u00f6rst\u00e4rkare.<\/p>\n\n\n\n<p class=\"wp-block-paragraph\">N\u00e5got som \u00e4r viktigt att observera \u00e4r att den h\u00e4r behandlade elektriska faslinj\u00e4riteten \u00e4r n\u00e5got helt annat \u00e4n den s k akustiska faslinj\u00e4riteten. Det senare begreppet avser h\u00f6gtalarkonstruktioner d\u00e4r ljudet fr\u00e5n de olika h\u00f6gtalarelementen n\u00e5r lyssningsplatsen samtidigt. D\u00e4rigenom kommer speciellt transienter i ljudet att \u00e5terges korrekt. Det praktiska v\u00e4rdet av akustisk faslinj\u00e4ritet \u00e4r omdebatterat och faller f\u00f6r \u00f6vrigt utanf\u00f6r ramen f\u00f6r denna sida.<\/p>\n","protected":false},"excerpt":{"rendered":"<p>Hem > Grunderna > Impedans och fasg\u00e5ng Vad \u00e4r impedans? Varf\u00f6r m\u00e5ste elementen ha ett visst motst\u00e5nd? Vore det inte b\u00e4ttre om det var &#8220;fritt fram&#8221; f\u00f6r effekten? Impedans kan \u00f6vers\u00e4ttas med &#8220;v\u00e4xelstr\u00f6msmotst\u00e5nd&#8221;. En h\u00f6gtalare som t ex har 8 ohms impedans fungerar i en v\u00e4xelstr\u00f6mskrets p\u00e5 samma s\u00e4tt som ett 8 ohms s k [&hellip;]<\/p>\n","protected":false},"author":1,"featured_media":0,"parent":66,"menu_order":0,"comment_status":"closed","ping_status":"closed","template":"","meta":{"slim_seo":{"title":"Impedans och fasg\u00e5ng - Hur Hifi - H&auml;r l&auml;r du dig att bygga dina egna h&ouml;gtalare, dina egna delningsfilter och l&aring;dkonstruktioner","description":"Hem > Grunderna > Impedans och fasg\u00e5ng Vad \u00e4r impedans? Varf\u00f6r m\u00e5ste elementen ha ett visst motst\u00e5nd? Vore det inte b\u00e4ttre om det var \"fritt fram\" f\u00f6r effekten?"},"footnotes":""},"class_list":["post-112","page","type-page","status-publish","hentry"],"_links":{"self":[{"href":"https:\/\/drkrupp.se\/hifi\/wp-json\/wp\/v2\/pages\/112","targetHints":{"allow":["GET"]}}],"collection":[{"href":"https:\/\/drkrupp.se\/hifi\/wp-json\/wp\/v2\/pages"}],"about":[{"href":"https:\/\/drkrupp.se\/hifi\/wp-json\/wp\/v2\/types\/page"}],"author":[{"embeddable":true,"href":"https:\/\/drkrupp.se\/hifi\/wp-json\/wp\/v2\/users\/1"}],"replies":[{"embeddable":true,"href":"https:\/\/drkrupp.se\/hifi\/wp-json\/wp\/v2\/comments?post=112"}],"version-history":[{"count":5,"href":"https:\/\/drkrupp.se\/hifi\/wp-json\/wp\/v2\/pages\/112\/revisions"}],"predecessor-version":[{"id":789,"href":"https:\/\/drkrupp.se\/hifi\/wp-json\/wp\/v2\/pages\/112\/revisions\/789"}],"up":[{"embeddable":true,"href":"https:\/\/drkrupp.se\/hifi\/wp-json\/wp\/v2\/pages\/66"}],"wp:attachment":[{"href":"https:\/\/drkrupp.se\/hifi\/wp-json\/wp\/v2\/media?parent=112"}],"curies":[{"name":"wp","href":"https:\/\/api.w.org\/{rel}","templated":true}]}}