{"id":187,"date":"2025-09-13T22:33:41","date_gmt":"2025-09-13T20:33:41","guid":{"rendered":"https:\/\/drkrupp.se\/hifi\/?page_id=187"},"modified":"2025-10-12T16:01:27","modified_gmt":"2025-10-12T14:01:27","slug":"basreflex-eller-sluten-lada","status":"publish","type":"page","link":"https:\/\/drkrupp.se\/hifi\/hogtalarlador\/basreflex-eller-sluten-lada\/","title":{"rendered":"Basreflex eller sluten l\u00e5da"},"content":{"rendered":"\n<p class=\"has-small-font-size wp-block-paragraph\"><a href=\"https:\/\/drkrupp.se\/hifi\/\" data-type=\"page\" data-id=\"10\">Hem<\/a> &gt; <a href=\"https:\/\/drkrupp.se\/hifi\/hogtalarlador\/\" data-type=\"page\" data-id=\"184\">H\u00f6gtalarl\u00e5dor<\/a> &gt; Basreflex eller sluten l\u00e5da<\/p>\n\n\n\n<figure class=\"wp-block-image size-full\"><img loading=\"lazy\" decoding=\"async\" width=\"317\" height=\"123\" src=\"https:\/\/drkrupp.se\/hifi\/wp-content\/uploads\/2025\/09\/box_olikabox.gif\" alt=\"Olika h\u00f6gtalarl\u00e5dor\" class=\"wp-image-439\"\/><\/figure>\n\n\n\n<h2 class=\"wp-block-heading\">Varf\u00f6r kan olika ber\u00e4kningsprogram ge olika resultat p\u00e5 l\u00e5dvolymer och avst\u00e4mningsfrekvenser?<\/h2>\n\n\n\n<p class=\"wp-block-paragraph\">En bash\u00f6gtalare har vissa egenskaper, elektriskt och mekansiskt. Dessa egenskaper, eller parametrar (v\u00e4rden) som man kallar dem, kan s\u00e4ttas in i l\u00e5nga formler f\u00f6r att ber\u00e4kna fram en l\u00e4mplig l\u00e5da. Vilken typ av l\u00e5da brukar inte programmet bry sig om att rekommendera, utan det \u00e4r upp till anv\u00e4ndaren att g\u00f6ra en avv\u00e4gning beroende p\u00e5 vilken typ av musik som ska spelas, i vilken milj\u00f6 l\u00e5dan ska placeras i osv. En l\u00e5da med djupbas passar ju inte s\u00e4rskilt bra till h\u00e5rdrock, och inte heller till en bil, d\u00e5 djupa bastoner m\u00e5ste f\u00e5 breda ut sig, och f\u00e5r inte riktigt plats in en bil.<\/p>\n\n\n\n<p class=\"wp-block-paragraph\">N\u00e5ja, n\u00e4r man valt l\u00e5dtyp, \u00e4r det dags att ber\u00e4kna l\u00e5dans volym. \u00c4ven h\u00e4r tar man h\u00e4nsyn till vald musikstil och milj\u00f6. En bash\u00f6gtalare kan allts\u00e5 fungera mycket fint i m\u00e5nga olika l\u00e5dvolymer. Ber\u00e4kningsprogrammets egentliga uppgift \u00e4r att visa ett grafiskt ber\u00e4kningsresultat, s\u00e5 att man ser om det kommer att fungera eller inte. Dessutom m\u00e5ste eventuella basreflexr\u00f6rs dimensioner ber\u00e4knas korrekt, beroende p\u00e5 den valda volymen.<br><br>Det g\u00e5r allts\u00e5 fint att modifiera l\u00e5dor i efterhand, om man inte skulle vara n\u00f6jd. Beroende p\u00e5 vad som l\u00e5ter fel, kan man minska eller \u00f6ka l\u00e5dans volym. Man m\u00e5ste d\u00e5 \u00e4ven r\u00e4kna om r\u00f6r-dimensionerna till den nya volymen.<\/p>\n\n\n\n<h2 class=\"wp-block-heading\">Olika l\u00e5dor till olika element<\/h2>\n\n\n\n<p class=\"wp-block-paragraph\">En del kan undra varf\u00f6r element med olika Q-v\u00e4rde tilldelas olika l\u00e5dor. Svaret \u00e4r som f\u00f6ljer:&nbsp;<br>Med egenskaper som ekvivalent volym (Vas) och resonansfrekvens (Fs) kan man r\u00e4kna ut en l\u00e5da, ber\u00e4kna r\u00f6r samt f\u00e5 fram l\u00e5dans F-3 dB-punkt.&nbsp;Qts \u00e4r en parameter\/egenskap som svarar f\u00f6r &#8220;b\u00e4sta l\u00e5dvolymen&#8221; (optimala) och best\u00e4mmer hur frekvenskurvan kommer att se ut. Ju h\u00f6gre Qts desto l\u00e4gre F-3 dB-punkt med den &#8220;optimala&#8221; l\u00e5dan.&nbsp; Element med h\u00f6gt Qts i en basreflexl\u00e5da ger en mycket stor l\u00e5dvolym, och en l\u00e5g undre gr\u00e4nsfrekvens (F-3 dB-punkt). L\u00e5dan b\u00f6r inte vara st\u00f6rre \u00e4n elementets Vas-v\u00e4rde och F-3 dB-punkten b\u00f6r vara h\u00f6gre \u00e4n elementets Fs, d\u00e5 det annars f\u00f6rlorar mycket effektt\u00e5lighet!&nbsp;<\/p>\n\n\n\n<p class=\"wp-block-paragraph\">(<a href=\"https:\/\/drkrupp.se\/hifi\/hogtalarelement\/elementegenskaper\/\" data-type=\"page\" data-id=\"165\">L\u00e4s mer om elementegenskaper h\u00e4r<\/a>.)<\/p>\n\n\n\n<p class=\"wp-block-paragraph\">H\u00e4r ser vi ett exempel p\u00e5 ett element med h\u00f6gt Qts. Den gr\u00f6na kurvan visar frekvensg\u00e5ngen i en basreflexl\u00e5da med s\u00e5 rak frekvensg\u00e5ng som m\u00f6jligt. Med en sluten l\u00e5da f\u00e5r vi ist\u00e4llet den bl\u00e5 kurvan.<\/p>\n\n\n\n<figure class=\"wp-block-image size-full\"><img loading=\"lazy\" decoding=\"async\" width=\"538\" height=\"327\" src=\"https:\/\/drkrupp.se\/hifi\/wp-content\/uploads\/2025\/10\/qts-basreflex-sluten.png\" alt=\"J\u00e4mf\u00f6relse h\u00f6gt Qts i basreflex och sluten l\u00e5da\" class=\"wp-image-904\" srcset=\"https:\/\/drkrupp.se\/hifi\/wp-content\/uploads\/2025\/10\/qts-basreflex-sluten.png 538w, https:\/\/drkrupp.se\/hifi\/wp-content\/uploads\/2025\/10\/qts-basreflex-sluten-300x182.png 300w\" sizes=\"auto, (max-width: 538px) 100vw, 538px\" \/><figcaption class=\"wp-element-caption\">J\u00e4mf\u00f6relse h\u00f6gt Qts i basreflex och sluten l\u00e5da<\/figcaption><\/figure>\n\n\n\n<p class=\"wp-block-paragraph\">OK, vi minskar l\u00e5dvolymen tills vi uppfyllt dessa krav. Nu har vi f\u00e5tt en h\u00f6g puckel (peak) i frekvenskurvan (eller ljudkurvan om man vill kalla den det), vilket inte \u00e4r \u00f6nskv\u00e4rt. Byter vi till den slutna l\u00e5dan kan vi med en mindre l\u00e5dvolym f\u00e5 en rakare frekvensg\u00e5ng. Man kan s\u00e4ga att den slutna l\u00e5dan \u00e4r &#8220;anpassad&#8221; till h\u00f6gt Q-v\u00e4rde. Dessutom f\u00e5r element med h\u00f6gt Qts d\u00e5lig d\u00e4mpning i en basreflexl\u00e5da, vilket kan bidra till d\u00e5ligt kontrollerad bas\u00e5tergivning, och troligen kommer elementet att g\u00e5 s\u00f6nder v\u00e4ldigt l\u00e4tt!&nbsp;<\/p>\n\n\n\n<figure class=\"wp-block-image size-full\"><img loading=\"lazy\" decoding=\"async\" width=\"538\" height=\"327\" src=\"https:\/\/drkrupp.se\/hifi\/wp-content\/uploads\/2025\/10\/qts-basreflex-sluten2.png\" alt=\"J\u00e4mf\u00f6relse h\u00f6gt Qts i basreflex och sluten l\u00e5da\" class=\"wp-image-906\" srcset=\"https:\/\/drkrupp.se\/hifi\/wp-content\/uploads\/2025\/10\/qts-basreflex-sluten2.png 538w, https:\/\/drkrupp.se\/hifi\/wp-content\/uploads\/2025\/10\/qts-basreflex-sluten2-300x182.png 300w\" sizes=\"auto, (max-width: 538px) 100vw, 538px\" \/><figcaption class=\"wp-element-caption\">Minskar vi l\u00e5dvolymen och avst\u00e4mningen f\u00e5r vi denna gr\u00f6na kurva ist\u00e4llet<\/figcaption><\/figure>\n\n\n\n<p class=\"wp-block-paragraph\">En <a href=\"https:\/\/drkrupp.se\/hifi\/hogtalarlador\/sluten-lada\/\" data-type=\"page\" data-id=\"190\">sluten l\u00e5da<\/a> har en h\u00f6gre undre gr\u00e4nsfrekvens \u00e4n <a href=\"https:\/\/drkrupp.se\/hifi\/hogtalarlador\/basreflexlada\/\" data-type=\"page\" data-id=\"193\">basreflexl\u00e5dan<\/a>, d\u00e5 den inte har r\u00f6ret som hj\u00e4lper till i djupbasen.&nbsp;Element med l\u00e5gt Qts i en sluten l\u00e5da f\u00e5r ofta en f\u00f6r h\u00f6g undre gr\u00e4nsfrekvens, varf\u00f6r basreflexl\u00e5dan \u00e4r att f\u00f6redra.&nbsp;Man kan d\u00e5 f\u00e5 en l\u00e4gre <a href=\"https:\/\/drkrupp.se\/hifi\/diagram\/f-3db-punkten\/\" data-type=\"page\" data-id=\"241\">F-3 dB-punkt<\/a>.&nbsp;<\/p>\n\n\n\n<p class=\"wp-block-paragraph\">Genom att prova sig fram och &#8220;leka&#8221; lite med ett ber\u00e4kningsprogram kan man l\u00e4ra sig en hel del.<\/p>\n\n\n\n<p class=\"wp-block-paragraph\">P\u00e5 sidan <a href=\"https:\/\/drkrupp.se\/hifi\/hogtalarelement\/elementegenskaper\/\" data-type=\"page\" data-id=\"165\">elementegenskaper<\/a> ser du en lista \u00f6ver vilka elementparametrar som fungerar b\u00e4st ihop med olika l\u00e5dor.<\/p>\n\n\n\n<h2 class=\"wp-block-heading\">Frekvensg\u00e5ngen f\u00f6r olika l\u00e5dtyper<\/h2>\n\n\n\n<p class=\"wp-block-paragraph\">H\u00e4r ser du en j\u00e4mf\u00f6relse p\u00e5 olika l\u00e5dtypers frekvensg\u00e5ng i basomr\u00e5det.<\/p>\n\n\n\n<figure class=\"wp-block-image size-full\"><img loading=\"lazy\" decoding=\"async\" width=\"560\" height=\"333\" src=\"https:\/\/drkrupp.se\/hifi\/wp-content\/uploads\/2025\/10\/diagram_box_jamforelse.gif\" alt=\"Diagram box jamforelse\" class=\"wp-image-889\"\/><\/figure>\n","protected":false},"excerpt":{"rendered":"<p>Hem &gt; H\u00f6gtalarl\u00e5dor &gt; Basreflex eller sluten l\u00e5da Varf\u00f6r kan olika ber\u00e4kningsprogram ge olika resultat p\u00e5 l\u00e5dvolymer och avst\u00e4mningsfrekvenser? En bash\u00f6gtalare har vissa egenskaper, elektriskt och mekansiskt. Dessa egenskaper, eller parametrar (v\u00e4rden) som man kallar dem, kan s\u00e4ttas in i l\u00e5nga formler f\u00f6r att ber\u00e4kna fram en l\u00e4mplig l\u00e5da. Vilken typ av l\u00e5da brukar inte [&hellip;]<\/p>\n","protected":false},"author":1,"featured_media":0,"parent":184,"menu_order":0,"comment_status":"closed","ping_status":"closed","template":"","meta":{"slim_seo":{"title":"Basreflex eller sluten l\u00e5da - Hur Hifi - H&auml;r l&auml;r du dig att bygga dina egna h&ouml;gtalare, dina egna delningsfilter och l&aring;dkonstruktioner","description":"Hem &gt; H\u00f6gtalarl\u00e5dor &gt; Basreflex eller sluten l\u00e5da Varf\u00f6r kan olika ber\u00e4kningsprogram ge olika resultat p\u00e5 l\u00e5dvolymer och avst\u00e4mningsfrekvenser? En bash\u00f6gt"},"footnotes":""},"class_list":["post-187","page","type-page","status-publish","hentry"],"_links":{"self":[{"href":"https:\/\/drkrupp.se\/hifi\/wp-json\/wp\/v2\/pages\/187","targetHints":{"allow":["GET"]}}],"collection":[{"href":"https:\/\/drkrupp.se\/hifi\/wp-json\/wp\/v2\/pages"}],"about":[{"href":"https:\/\/drkrupp.se\/hifi\/wp-json\/wp\/v2\/types\/page"}],"author":[{"embeddable":true,"href":"https:\/\/drkrupp.se\/hifi\/wp-json\/wp\/v2\/users\/1"}],"replies":[{"embeddable":true,"href":"https:\/\/drkrupp.se\/hifi\/wp-json\/wp\/v2\/comments?post=187"}],"version-history":[{"count":9,"href":"https:\/\/drkrupp.se\/hifi\/wp-json\/wp\/v2\/pages\/187\/revisions"}],"predecessor-version":[{"id":908,"href":"https:\/\/drkrupp.se\/hifi\/wp-json\/wp\/v2\/pages\/187\/revisions\/908"}],"up":[{"embeddable":true,"href":"https:\/\/drkrupp.se\/hifi\/wp-json\/wp\/v2\/pages\/184"}],"wp:attachment":[{"href":"https:\/\/drkrupp.se\/hifi\/wp-json\/wp\/v2\/media?parent=187"}],"curies":[{"name":"wp","href":"https:\/\/api.w.org\/{rel}","templated":true}]}}