{"id":199,"date":"2025-09-14T14:00:31","date_gmt":"2025-09-14T12:00:31","guid":{"rendered":"https:\/\/drkrupp.se\/hifi\/?page_id=199"},"modified":"2025-10-05T20:11:14","modified_gmt":"2025-10-05T18:11:14","slug":"dubbelavstamd-basreflex","status":"publish","type":"page","link":"https:\/\/drkrupp.se\/hifi\/hogtalarlador\/dubbelavstamd-basreflex\/","title":{"rendered":"Dubbelavst\u00e4md basreflex"},"content":{"rendered":"\n<p class=\"has-small-font-size wp-block-paragraph\"><a href=\"https:\/\/drkrupp.se\/hifi\/\" data-type=\"page\" data-id=\"10\">Hem<\/a> > <a href=\"https:\/\/drkrupp.se\/hifi\/hogtalarlador\/\" data-type=\"page\" data-id=\"184\">H\u00f6gtalarl\u00e5dor<\/a> > Dubbelavst\u00e4md basreflex<\/p>\n\n\n\n<p class=\"is-style-text-annotation has-accent-3-background-color has-background is-style-text-annotation--1 wp-block-paragraph\">En dubbelavst\u00e4md basreflexl\u00e5da utnyttjar tv\u00e5 resonanser vilket \u00f6kar portens frekvensomr\u00e5de och resulterar i djupare bas!<\/p>\n\n\n\n<h2 class=\"wp-block-heading\">Om dubbelavst\u00e4md basreflex<\/h2>\n\n\n\n<div class=\"wp-block-media-text has-media-on-the-right is-stacked-on-mobile\" style=\"grid-template-columns:auto 30%\"><div class=\"wp-block-media-text__content\">\n<p class=\"wp-block-paragraph\">Dubbelavst\u00e4md basreflex \u00e4r en ovanlig l\u00e5dtyp som kan vara intressant f\u00f6r den experimentelle l\u00e5dbyggaren. Det finns m\u00e5nga varianter p\u00e5 hur det hela ska eller b\u00f6r se ut f\u00f6r att det ska fungera. N\u00e5gra av dem kommer du att st\u00f6ta p\u00e5 h\u00e4r.<\/p>\n\n\n\n<p class=\"wp-block-paragraph\">F\u00f6r enkelhetens skull kan vi kalla l\u00e5dan f\u00f6r en &#8220;dubbelkammare&#8221;. Den \u00e4r avst\u00e4md till tv\u00e5 frekvenser med en oktavs mellanrum ist\u00e4llet f\u00f6r en enda frekvens som med basreflexl\u00e5dan. Denna dubbla avst\u00e4mning \u00f6kar d\u00e4mpningen p\u00e5 elementet. Den stora kammaren \u00e4r dubbelt s\u00e5 stor som den lilla. Alla r\u00f6r har samma dimensioner.<br><br>Placeringen av r\u00f6ren \u00e4r ganska oviktig om den bara h\u00e5lls mer \u00e4n 10 cm fr\u00e5n baselementet. Ett r\u00f6r som \u00e4r f\u00f6r n\u00e4ra elementet blir mer k\u00e4nslig f\u00f6r resonanser och missljud i den \u00f6vre basen och midbasen. Lite d\u00e4mpmaterial och r\u00e4tt avst\u00e5nd mellan r\u00f6r och element minskar denna effekt.<\/p>\n<\/div><figure class=\"wp-block-media-text__media\"><img loading=\"lazy\" decoding=\"async\" width=\"200\" height=\"546\" src=\"https:\/\/drkrupp.se\/hifi\/wp-content\/uploads\/2025\/09\/boxes_dubbelkammare.png\" alt=\"Dubbelavst\u00e4md basreflexl\u00e5da\" class=\"wp-image-477 size-full\" srcset=\"https:\/\/drkrupp.se\/hifi\/wp-content\/uploads\/2025\/09\/boxes_dubbelkammare.png 200w, https:\/\/drkrupp.se\/hifi\/wp-content\/uploads\/2025\/09\/boxes_dubbelkammare-110x300.png 110w\" sizes=\"auto, (max-width: 200px) 100vw, 200px\" \/><\/figure><\/div>\n\n\n\n<p class=\"wp-block-paragraph\">Dubbelkammaren \u00e4r f\u00f6rst designad f\u00f6r att belasta elementet \u00f6ver ett bredare frekvensomr\u00e5de \u00e4n den vanliga <a href=\"https:\/\/drkrupp.se\/hifi\/hogtalarlador\/basreflexlada\/\" data-type=\"page\" data-id=\"193\">basreflexl\u00e5dan<\/a>.<br><br>Dubbelkammaren har som namnet antyder tv\u00e5 kammare, typiskt med den ena kammaren dubbelt s\u00e5 stor som den andra. Om r\u00f6ren i och genom b\u00e5da kamrarna har samma diameter och l\u00e4ngd kommer elementet att se tv\u00e5 resonansfrekvenser med en oktavs mellanrum.<br><br>Vid den l\u00e5ga frekvensen kommer elementet uppf\u00f6ra sig som om den var monterad i en vanlig basreflexl\u00e5da med en volym motsvarande den totala volymen av de b\u00e5da kamrarna. Vid h\u00f6gre frekvenser, en oktav \u00f6ver den f\u00f6rsta, \u00e4r elementet mera d\u00e4mpat av l\u00e5dan. Denna dubbelavst\u00e4mning g\u00f6r dubbelkammaren n\u00e5got mer tolerant f\u00f6r variation i elementens parametrar j\u00e4mf\u00f6rt med en vanlig basreflexl\u00e5da. Till f\u00f6rdelarna h\u00f6r ocks\u00e5 att det totala konutslaget kommer att vara mindre.<\/p>\n\n\n\n<h2 class=\"wp-block-heading\">Hur man designar en dubbelavst\u00e4md basreflex<\/h2>\n\n\n\n<p class=\"wp-block-paragraph\">Det finns flera modeller p\u00e5 denna l\u00e5dtyp och d\u00e4rf\u00f6r kommer flera exempel att tas upp h\u00e4r.<\/p>\n\n\n\n<p class=\"wp-block-paragraph\"><strong>Typ 1<\/strong><\/p>\n\n\n\n<ul class=\"wp-block-list\">\n<li>V\u00e4lj baselement. Anv\u00e4nd dess specifikationer f\u00f6r att ta fram en l\u00e4mplig l\u00e5da. Denna volym blir den totala volymen f\u00f6r b\u00e5da kamrarna.<\/li>\n\n\n\n<li>Best\u00e4m den l\u00e5ga avst\u00e4mningen f\u00f6r l\u00e5dan. M\u00e4rk att det kommer att finnas en resonans vid dubbla fekvensen av den l\u00e5ga.<\/li>\n\n\n\n<li>V\u00e4lj r\u00f6rdiameter och l\u00e4ngd. Kom ih\u00e5g att r\u00f6rarean f\u00f6r ett r\u00f6r m\u00e5ste vara multiplicerad med 2 f\u00f6r att ta fram den totala r\u00f6rarean som kommer att vara i kontakt med rummet.<\/li>\n\n\n\n<li>Anv\u00e4nd volymen och dubbla arean av ett r\u00f6r f\u00f6r att ta fram r\u00f6rl\u00e4ngd. Denna l\u00e4ngd g\u00e4ller sedan alla tre r\u00f6r. Kom ih\u00e5g att du m\u00e5ste dela den totala volymen s\u00e5 att en kammare har dubbelt s\u00e5 stor volym som den andra.<\/li>\n<\/ul>\n\n\n\n<p class=\"wp-block-paragraph\"><strong>Typ 2<\/strong><\/p>\n\n\n\n<ul class=\"wp-block-list\">\n<li>V\u00e4lj baselement. Anv\u00e4nd dess specifikationer f\u00f6r att ta fram en l\u00e4mplig l\u00e5da. Denna volym blir volymen i den stora kammaren. Den lilla kammaren blir h\u00e4lften s\u00e5 stor.<\/li>\n\n\n\n<li>Ta fram ett r\u00f6r med l\u00e4mplig diameter f\u00f6r ett element, och st\u00e4m av den i den volym du r\u00e4knade fram f\u00f6r ett element. Alla tre r\u00f6r ska ha denna diameter och l\u00e4ngd.<\/li>\n\n\n\n<li>Klart! F\u00f6r enkelhetens skull kan vi ta denna j\u00e4mf\u00f6relse: R\u00e4kna fram en vanlig basreflexl\u00e5da och r\u00f6r f\u00f6r ett element (exempelvis 50 liter, r\u00f6r 10 x 15 cm). Detta blir den stora kammaren. Den lilla kammaren ska ha halva volymen av den stora (25 liter) och ett r\u00f6r med samma dimensioner (10 x 15 cm). Ytterligare ett r\u00f6r ska kopplas mellan de b\u00e5da kamrarna. Den totala volymen blir allts\u00e5 50 + 25 liter = 75 liter.<\/li>\n<\/ul>\n\n\n\n<p class=\"wp-block-paragraph\">De tv\u00e5 typerna ovan \u00e4r b\u00e5da gjorda f\u00f6r tv\u00e5 element &#8211; ett i varje kammare. Det finns andra typer ocks\u00e5. Tv\u00e5 kommer nedan.<\/p>\n\n\n\n<p class=\"wp-block-paragraph\"><strong>Typ 3<\/strong><\/p>\n\n\n\n<ul class=\"wp-block-list\">\n<li>H\u00e4r g\u00e4ller det precis som f\u00f6r typerna ovan att ena kammaren ska ha dubbla volymen mot den lilla. H\u00f6gtalarelementet monteras i den stora kammaren.<\/li>\n<\/ul>\n\n\n\n<p class=\"wp-block-paragraph\"><strong>Typ 4<\/strong><\/p>\n\n\n\n<ul class=\"wp-block-list\">\n<li>Precis som f\u00f6r typ 1 utg\u00e5r man h\u00e4r fr\u00e5n en ordin\u00e4r basreflexl\u00e5da och r\u00f6r. En tredjedel av den volymen blir den lilla kammaren, resten blir den stora kammaren.<\/li>\n\n\n\n<li>Den stora kammaren f\u00e5r det framr\u00e4knade r\u00f6ret, baserat p\u00e5 en vanlig basreflexl\u00e5da.<\/li>\n\n\n\n<li>Den lilla kammaren avst\u00e4ms till ca 100 Hz.<\/li>\n<\/ul>\n\n\n\n<p class=\"wp-block-paragraph\">Nedan syns en frekvenskurva d\u00e4r typ 3 och typ 4 j\u00e4mf\u00f6rs. Med i diagrammet finns \u00e4ven bilder p\u00e5 hur l\u00e5dorna ser ut.<\/p>\n\n\n\n<figure class=\"wp-block-image size-full\"><img loading=\"lazy\" decoding=\"async\" width=\"538\" height=\"307\" src=\"https:\/\/drkrupp.se\/hifi\/wp-content\/uploads\/2025\/09\/box_dubbelkammare_frekvens.gif\" alt=\"Frekvensg\u00e5ng dubbelavst\u00e4md basreflexl\u00e5da\" class=\"wp-image-478\"\/><figcaption class=\"wp-element-caption\">Frekvensg\u00e5ng dubbelavst\u00e4md basreflexl\u00e5da<\/figcaption><\/figure>\n","protected":false},"excerpt":{"rendered":"<p>Hem > H\u00f6gtalarl\u00e5dor > Dubbelavst\u00e4md basreflex En dubbelavst\u00e4md basreflexl\u00e5da utnyttjar tv\u00e5 resonanser vilket \u00f6kar portens frekvensomr\u00e5de och resulterar i djupare bas! Om dubbelavst\u00e4md basreflex Dubbelavst\u00e4md basreflex \u00e4r en ovanlig l\u00e5dtyp som kan vara intressant f\u00f6r den experimentelle l\u00e5dbyggaren. Det finns m\u00e5nga varianter p\u00e5 hur det hela ska eller b\u00f6r se ut f\u00f6r att det ska [&hellip;]<\/p>\n","protected":false},"author":1,"featured_media":0,"parent":184,"menu_order":0,"comment_status":"closed","ping_status":"closed","template":"","meta":{"slim_seo":{"title":"Dubbelavst\u00e4md basreflex - Hur Hifi - H&auml;r l&auml;r du dig att bygga dina egna h&ouml;gtalare, dina egna delningsfilter och l&aring;dkonstruktioner","description":"Hem > H\u00f6gtalarl\u00e5dor > Dubbelavst\u00e4md basreflex En dubbelavst\u00e4md basreflexl\u00e5da utnyttjar tv\u00e5 resonanser vilket \u00f6kar portens frekvensomr\u00e5de och resulterar i djupar"},"footnotes":""},"class_list":["post-199","page","type-page","status-publish","hentry"],"_links":{"self":[{"href":"https:\/\/drkrupp.se\/hifi\/wp-json\/wp\/v2\/pages\/199","targetHints":{"allow":["GET"]}}],"collection":[{"href":"https:\/\/drkrupp.se\/hifi\/wp-json\/wp\/v2\/pages"}],"about":[{"href":"https:\/\/drkrupp.se\/hifi\/wp-json\/wp\/v2\/types\/page"}],"author":[{"embeddable":true,"href":"https:\/\/drkrupp.se\/hifi\/wp-json\/wp\/v2\/users\/1"}],"replies":[{"embeddable":true,"href":"https:\/\/drkrupp.se\/hifi\/wp-json\/wp\/v2\/comments?post=199"}],"version-history":[{"count":6,"href":"https:\/\/drkrupp.se\/hifi\/wp-json\/wp\/v2\/pages\/199\/revisions"}],"predecessor-version":[{"id":765,"href":"https:\/\/drkrupp.se\/hifi\/wp-json\/wp\/v2\/pages\/199\/revisions\/765"}],"up":[{"embeddable":true,"href":"https:\/\/drkrupp.se\/hifi\/wp-json\/wp\/v2\/pages\/184"}],"wp:attachment":[{"href":"https:\/\/drkrupp.se\/hifi\/wp-json\/wp\/v2\/media?parent=199"}],"curies":[{"name":"wp","href":"https:\/\/api.w.org\/{rel}","templated":true}]}}