{"id":216,"date":"2025-09-14T14:59:48","date_gmt":"2025-09-14T12:59:48","guid":{"rendered":"https:\/\/drkrupp.se\/hifi\/?page_id=216"},"modified":"2025-10-05T20:15:00","modified_gmt":"2025-10-05T18:15:00","slug":"basreflexroret","status":"publish","type":"page","link":"https:\/\/drkrupp.se\/hifi\/hogtalarlador\/basreflexroret\/","title":{"rendered":"Basreflexr\u00f6ret"},"content":{"rendered":"\n<p class=\"has-small-font-size wp-block-paragraph\"><a href=\"https:\/\/drkrupp.se\/hifi\/\" data-type=\"page\" data-id=\"10\">Hem<\/a> &gt; <a href=\"https:\/\/drkrupp.se\/hifi\/hogtalarlador\/\" data-type=\"page\" data-id=\"184\">H\u00f6gtalarl\u00e5dor<\/a> &gt; Basreflexr\u00f6ret<\/p>\n\n\n\n<p class=\"is-style-text-annotation has-accent-3-background-color has-background is-style-text-annotation--1 wp-block-paragraph\">Ett r\u00f6r f\u00f6r\u00e4ndrar en sluten l\u00e5da till en basreflexl\u00e5da<\/p>\n\n\n\n<h2 class=\"wp-block-heading\">Om basreflexr\u00f6ret<\/h2>\n\n\n\n<p class=\"wp-block-paragraph\">Om en <a href=\"https:\/\/drkrupp.se\/hifi\/hogtalarlador\/sluten-lada\/\" data-type=\"page\" data-id=\"190\">sluten l\u00e5da<\/a> kompletteras med en \u00f6ppning f\u00f6r\u00e4ndras l\u00e5dans egenskaper markant och man f\u00e5r en s k <a href=\"https:\/\/drkrupp.se\/hifi\/hogtalarlador\/basreflexlada\/\" data-type=\"page\" data-id=\"193\">basreflexl\u00e5da<\/a>. R\u00f6ret i l\u00e5dan \u00e4r utformat s\u00e5 att l\u00e5dan bildar en akustisk resonanskammare, vars resonans vanligen v\u00e4ljs s\u00e5 att den \u00f6verensst\u00e4mmer med element och l\u00e5da.<\/p>\n\n\n\n<p class=\"wp-block-paragraph\">Om konen r\u00f6r sig med en frekvens n\u00e4ra basreflexresonansen blir resultatet ett h\u00f6gre ljudtryck \u00e4n om resonansen inte hade funnits d\u00e4r. Runt resonansen kommer n\u00e4stan allt ljud fr\u00e5n r\u00f6ret. Ovanf\u00f6r och under resonansen kommer ljudet huvudsakligen direkt fr\u00e5n konen. Vid resonansfrekvensen arbetar l\u00e5dan som en akustisk fasv\u00e4ndare och det \u00e4r detta som g\u00f6r att basen inte sl\u00e4cks ut genom akustisk kortslutning.<\/p>\n\n\n\n<p class=\"wp-block-paragraph\">Hur du r\u00e4knar p\u00e5 basreflexr\u00f6r kan du l\u00e4sa i min&nbsp;<a href=\"https:\/\/drkrupp.se\/hifi\/ovrigt\/formelsamling\/\" data-type=\"page\" data-id=\"342\">formelsamling<\/a>.<\/p>\n\n\n\n<h2 class=\"wp-block-heading\">F\u00f6rh\u00e5llandet mellan port och l\u00e5da<\/h2>\n\n\n\n<div class=\"wp-block-group is-layout-grid wp-container-core-group-is-layout-15b2487b wp-block-group-is-layout-grid\">\n<p class=\"wp-block-paragraph\">Om volymen i en l\u00e5da \u00f6kar, s\u00e5 m\u00e5ste portl\u00e4ngden minskas f\u00f6r att f\u00e5 samma avst\u00e4mningsfrekvens.<br><br>Om volymen i en l\u00e5da minskar, s\u00e5 m\u00e5ste portl\u00e4ngden \u00f6kas f\u00f6r att f\u00e5 samma avst\u00e4mningsfrekvens.<\/p>\n\n\n\n<figure class=\"wp-block-image size-full\"><img loading=\"lazy\" decoding=\"async\" width=\"200\" height=\"209\" src=\"https:\/\/drkrupp.se\/hifi\/wp-content\/uploads\/2025\/09\/box_basreflex_storliten_lada.png\" alt=\"St\u00f6rre l\u00e5da, kortare r\u00f6r\" class=\"wp-image-446\"\/><figcaption class=\"wp-element-caption\">St\u00f6rre l\u00e5da, kortare r\u00f6r<\/figcaption><\/figure>\n<\/div>\n\n\n\n<div class=\"wp-block-group is-layout-grid wp-container-core-group-is-layout-15b2487b wp-block-group-is-layout-grid\">\n<p class=\"wp-block-paragraph\">Om den totala portarean \u00f6kar (t.ex genom att man anv\u00e4nder flera r\u00f6r, eller ett st\u00f6rre), m\u00e5ste l\u00e4ngden \u00f6kas f\u00f6r att f\u00e5 samma avst\u00e4mningsfrekvens.<\/p>\n\n\n\n<figure class=\"wp-block-image size-full\"><img loading=\"lazy\" decoding=\"async\" width=\"200\" height=\"153\" src=\"https:\/\/drkrupp.se\/hifi\/wp-content\/uploads\/2025\/09\/box_basreflex_etttva_ror.png\" alt=\"Fler r\u00f6r, l\u00e4ngre r\u00f6r\" class=\"wp-image-447\"\/><figcaption class=\"wp-element-caption\">Fler r\u00f6r, l\u00e4ngre r\u00f6r<\/figcaption><\/figure>\n<\/div>\n\n\n\n<div class=\"wp-block-group is-layout-grid wp-container-core-group-is-layout-15b2487b wp-block-group-is-layout-grid\">\n<p class=\"wp-block-paragraph\">Om den totala portarean minskar, m\u00e5ste l\u00e4ngden minskas f\u00f6r att f\u00e5 samma avst\u00e4mningsfrekvens.<\/p>\n\n\n\n<figure class=\"wp-block-image size-full\"><img loading=\"lazy\" decoding=\"async\" width=\"200\" height=\"152\" src=\"https:\/\/drkrupp.se\/hifi\/wp-content\/uploads\/2025\/09\/box_basreflex_stortlitet_ror.png\" alt=\"Mindre r\u00f6r, kortare r\u00f6r\" class=\"wp-image-448\"\/><figcaption class=\"wp-element-caption\">Mindre r\u00f6r, kortare r\u00f6r<\/figcaption><\/figure>\n<\/div>\n\n\n\n<p class=\"wp-block-paragraph\">Det spelar ingen roll om man har ett eller flera portningsr\u00f6r i l\u00e5dan s\u00e5 l\u00e4nge de \u00e4r r\u00e4tt ber\u00e4knade. Det viktiga om man vill ha flera r\u00f6r \u00e4r att de har samma area och l\u00e4ngd som ett r\u00f6r skulle ha.<\/p>\n\n\n\n<p class=\"wp-block-paragraph\">Formeln f\u00f6r att r\u00e4kna ut aren p\u00e5 ett r\u00f6r \u00e4r: radie x radie x Pi:&nbsp;<strong>r x r x 3,14<\/strong>.<\/p>\n\n\n\n<p class=\"wp-block-paragraph\">Om man d\u00e5 vill ha flera r\u00f6r i sin l\u00e5da s\u00e5 r\u00e4knar man ut ett r\u00f6r enligt formeln f\u00f6r basreflexr\u00f6r med samma diameter som den sammanlagda arean av de mindre r\u00f6r som man ska anv\u00e4nda.<\/p>\n\n\n\n<p class=\"wp-block-paragraph\">Exempel: ett r\u00f6r p\u00e5 184 cm2 motsvarar tv\u00e5 r\u00f6r p\u00e5 92 cm2 vardera eller tre r\u00f6r med arean 61,3 cm2 per styck.<\/p>\n\n\n\n<h2 class=\"wp-block-heading\">R\u00f6rdiameter kontra r\u00f6rareor:<\/h2>\n\n\n\n<p class=\"wp-block-paragraph\">5 cm diamater = 19,62 cm2<br>6 cm diamater = 28,26 cm2<br>7 cm diameter = 38,46 cm2<br>8 cm diameter = 50,24 cm2<br>9 cm diameter = 63,58 cm2<br>10 cm diameter = 78,5 cm2<br>11 cm diameter = 94,98 cm2<br>12 cm diameter = 113,04 cm2<br>13 cm diameter = 132,66 cm2<br>14 cm diameter = 153,86 cm2<br>15 cm diameter = 176,62 cm2<br>Och s\u00e5 vidare.<\/p>\n\n\n\n<p class=\"wp-block-paragraph\">Om man \u00f6kar diametern p\u00e5 ett r\u00f6r med ett visst antal procent s\u00e5 \u00f6kar ocks\u00e5 r\u00f6rets l\u00e4ngd med lika m\u00e5nga procent.<\/p>\n\n\n\n<p class=\"wp-block-paragraph\">Exempel: ett r\u00f6r med 10 cm diameter har en l\u00e4ngd p\u00e5 6 cm, om man d\u00e5 \u00f6kar diametern med 30 procent till 11,4 cm (arean \u00f6kar fr\u00e5n 78,5 cm2 till 102,04 cm2) d\u00e5 blir l\u00e4ngden 7,8 cm.<\/p>\n\n\n\n<p class=\"wp-block-paragraph\">Detta g\u00e4ller d\u00e5 man \u00f6nskar samma avst\u00e4mningsfrekvens och m\u00e5ste \u00f6ka l\u00e4ngden p\u00e5 r\u00f6ret av n\u00e5gon anledning. Allt detta g\u00e4ller ocks\u00e5 om r\u00f6ren \u00e4r fyrkantiga eller trekantiga, det \u00e4r arean kontra l\u00e4ngd som \u00e4r viktig.<\/p>\n\n\n\n<h2 class=\"wp-block-heading\">Exempel p\u00e5 frekvenskurva om man r\u00e4knar fel<\/h2>\n\n\n\n<p class=\"wp-block-paragraph\">R\u00f6d kurva: vad som h\u00e4nder n\u00e4r man stoppar in ett r\u00f6r till med samma dimensioner:<\/p>\n\n\n\n<figure class=\"wp-block-image size-full\"><img loading=\"lazy\" decoding=\"async\" width=\"522\" height=\"285\" src=\"https:\/\/drkrupp.se\/hifi\/wp-content\/uploads\/2025\/09\/box_basreflexgraf_1port_eller2port.png\" alt=\"Frekvensg\u00e5ng med flera r\u00f6r\" class=\"wp-image-449\" srcset=\"https:\/\/drkrupp.se\/hifi\/wp-content\/uploads\/2025\/09\/box_basreflexgraf_1port_eller2port.png 522w, https:\/\/drkrupp.se\/hifi\/wp-content\/uploads\/2025\/09\/box_basreflexgraf_1port_eller2port-300x164.png 300w\" sizes=\"auto, (max-width: 522px) 100vw, 522px\" \/><\/figure>\n\n\n\n<p class=\"wp-block-paragraph\">R\u00f6d kurva: Vad som h\u00e4nder om man halverar r\u00f6rl\u00e4ngden:<\/p>\n\n\n\n<figure class=\"wp-block-image size-full\"><img loading=\"lazy\" decoding=\"async\" width=\"527\" height=\"282\" src=\"https:\/\/drkrupp.se\/hifi\/wp-content\/uploads\/2025\/09\/box_basreflexgraf_halva_rorlangd.png\" alt=\"Frekvensg\u00e5ng med kortare r\u00f6r\" class=\"wp-image-450\" srcset=\"https:\/\/drkrupp.se\/hifi\/wp-content\/uploads\/2025\/09\/box_basreflexgraf_halva_rorlangd.png 527w, https:\/\/drkrupp.se\/hifi\/wp-content\/uploads\/2025\/09\/box_basreflexgraf_halva_rorlangd-300x161.png 300w\" sizes=\"auto, (max-width: 527px) 100vw, 527px\" \/><\/figure>\n\n\n\n<p class=\"wp-block-paragraph\">R\u00f6d kurva: vad som h\u00e4nder om du dubblerar l\u00e5dvolymen med samma r\u00f6r:<\/p>\n\n\n\n<figure class=\"wp-block-image size-full\"><img loading=\"lazy\" decoding=\"async\" width=\"522\" height=\"292\" src=\"https:\/\/drkrupp.se\/hifi\/wp-content\/uploads\/2025\/09\/box_basreflexgraf_samma_ror_dubblabox.png\" alt=\"Frekvensg\u00e5ng med st\u00f6rre l\u00e5dvolym\" class=\"wp-image-451\" srcset=\"https:\/\/drkrupp.se\/hifi\/wp-content\/uploads\/2025\/09\/box_basreflexgraf_samma_ror_dubblabox.png 522w, https:\/\/drkrupp.se\/hifi\/wp-content\/uploads\/2025\/09\/box_basreflexgraf_samma_ror_dubblabox-300x168.png 300w\" sizes=\"auto, (max-width: 522px) 100vw, 522px\" \/><\/figure>\n\n\n\n<p class=\"wp-block-paragraph\">R\u00f6d kurva: Vad som h\u00e4nder om du dubblar r\u00f6rl\u00e4ngden:<\/p>\n\n\n\n<figure class=\"wp-block-image size-full\"><img loading=\"lazy\" decoding=\"async\" width=\"526\" height=\"282\" src=\"https:\/\/drkrupp.se\/hifi\/wp-content\/uploads\/2025\/09\/box_basreflexgraf_sammalada_dubblarorlangd.png\" alt=\"Frekvensg\u00e5ng med l\u00e4ngre r\u00f6r\" class=\"wp-image-452\" srcset=\"https:\/\/drkrupp.se\/hifi\/wp-content\/uploads\/2025\/09\/box_basreflexgraf_sammalada_dubblarorlangd.png 526w, https:\/\/drkrupp.se\/hifi\/wp-content\/uploads\/2025\/09\/box_basreflexgraf_sammalada_dubblarorlangd-300x161.png 300w\" sizes=\"auto, (max-width: 526px) 100vw, 526px\" \/><\/figure>\n","protected":false},"excerpt":{"rendered":"<p>Hem &gt; H\u00f6gtalarl\u00e5dor &gt; Basreflexr\u00f6ret Ett r\u00f6r f\u00f6r\u00e4ndrar en sluten l\u00e5da till en basreflexl\u00e5da Om basreflexr\u00f6ret Om en sluten l\u00e5da kompletteras med en \u00f6ppning f\u00f6r\u00e4ndras l\u00e5dans egenskaper markant och man f\u00e5r en s k basreflexl\u00e5da. R\u00f6ret i l\u00e5dan \u00e4r utformat s\u00e5 att l\u00e5dan bildar en akustisk resonanskammare, vars resonans vanligen v\u00e4ljs s\u00e5 att den \u00f6verensst\u00e4mmer [&hellip;]<\/p>\n","protected":false},"author":1,"featured_media":0,"parent":184,"menu_order":0,"comment_status":"closed","ping_status":"closed","template":"","meta":{"slim_seo":{"title":"Basreflexr\u00f6ret - Hur Hifi - H&auml;r l&auml;r du dig att bygga dina egna h&ouml;gtalare, dina egna delningsfilter och l&aring;dkonstruktioner","description":"Hem &gt; H\u00f6gtalarl\u00e5dor &gt; Basreflexr\u00f6ret Ett r\u00f6r f\u00f6r\u00e4ndrar en sluten l\u00e5da till en basreflexl\u00e5da Om basreflexr\u00f6ret Om en sluten l\u00e5da kompletteras med en \u00f6ppnin"},"footnotes":""},"class_list":["post-216","page","type-page","status-publish","hentry"],"_links":{"self":[{"href":"https:\/\/drkrupp.se\/hifi\/wp-json\/wp\/v2\/pages\/216","targetHints":{"allow":["GET"]}}],"collection":[{"href":"https:\/\/drkrupp.se\/hifi\/wp-json\/wp\/v2\/pages"}],"about":[{"href":"https:\/\/drkrupp.se\/hifi\/wp-json\/wp\/v2\/types\/page"}],"author":[{"embeddable":true,"href":"https:\/\/drkrupp.se\/hifi\/wp-json\/wp\/v2\/users\/1"}],"replies":[{"embeddable":true,"href":"https:\/\/drkrupp.se\/hifi\/wp-json\/wp\/v2\/comments?post=216"}],"version-history":[{"count":7,"href":"https:\/\/drkrupp.se\/hifi\/wp-json\/wp\/v2\/pages\/216\/revisions"}],"predecessor-version":[{"id":852,"href":"https:\/\/drkrupp.se\/hifi\/wp-json\/wp\/v2\/pages\/216\/revisions\/852"}],"up":[{"embeddable":true,"href":"https:\/\/drkrupp.se\/hifi\/wp-json\/wp\/v2\/pages\/184"}],"wp:attachment":[{"href":"https:\/\/drkrupp.se\/hifi\/wp-json\/wp\/v2\/media?parent=216"}],"curies":[{"name":"wp","href":"https:\/\/api.w.org\/{rel}","templated":true}]}}