{"id":218,"date":"2025-09-14T15:00:45","date_gmt":"2025-09-14T13:00:45","guid":{"rendered":"https:\/\/drkrupp.se\/hifi\/?page_id=218"},"modified":"2025-09-27T22:14:26","modified_gmt":"2025-09-27T20:14:26","slug":"dampning","status":"publish","type":"page","link":"https:\/\/drkrupp.se\/hifi\/hogtalarlador\/dampning\/","title":{"rendered":"D\u00e4mpning"},"content":{"rendered":"\n<p class=\"has-small-font-size wp-block-paragraph\"><a href=\"https:\/\/drkrupp.se\/hifi\/\" data-type=\"page\" data-id=\"10\">Hem<\/a> > <a href=\"https:\/\/drkrupp.se\/hifi\/hogtalarlador\/\" data-type=\"page\" data-id=\"184\">H\u00f6gtalarl\u00e5dor<\/a> > D\u00e4mpning<\/p>\n\n\n\n<p class=\"is-style-text-annotation has-accent-3-background-color has-background is-style-text-annotation--1 wp-block-paragraph\">Det \u00e4r inte bara h\u00f6gtalarelementets Q-v\u00e4rde som styr d\u00e4mpningen i en l\u00e5da. Fylls l\u00e5dan i st\u00f6rre eller mindre grad med n\u00e5gon form av d\u00e4mpmaterial kan ljudkarakt\u00e4ren p\u00e5verkas. Den d\u00e4mpning som fyllningen utg\u00f6r, adderas till den elektriska d\u00e4mpningen (Q-v\u00e4rdet).<\/p>\n\n\n\n<figure class=\"wp-block-image size-full\"><img loading=\"lazy\" decoding=\"async\" width=\"250\" height=\"243\" src=\"https:\/\/drkrupp.se\/hifi\/wp-content\/uploads\/2025\/09\/box_dampull.gif\" alt=\"D\u00e4mpull\" class=\"wp-image-472\"\/><figcaption class=\"wp-element-caption\">D\u00e4mpull<\/figcaption><\/figure>\n\n\n\n<h2 class=\"wp-block-heading\">Om d\u00e4mpning<\/h2>\n\n\n\n<p class=\"wp-block-paragraph\">Som d\u00e4mpmaterial anv\u00e4nds l\u00e4mpligen den speciella vadd som finns att k\u00f6pa i fackhandeln. Glasfiberull \u00e4r billigt, men \u00e4r mycket otrevligt att arbeta med. I en basreflexl\u00e5da kommer dessutom g\u00e4rna fibrer ut i omgivningen via porten.<\/p>\n\n\n\n<p class=\"wp-block-paragraph\">D\u00e4mpningen \u00e4r viktig f\u00f6r att undvika luftresonanser i l\u00e5dan men m\u00e5ste placeras med eftertanke. En <a href=\"https:\/\/drkrupp.se\/hifi\/hogtalarlador\/sluten-lada\/\" data-type=\"page\" data-id=\"190\">sluten l\u00e5da<\/a> kan packas ganska t\u00e4t med d\u00e4mpning. <a href=\"https:\/\/drkrupp.se\/hifi\/hogtalarlador\/basreflexlada\/\" data-type=\"page\" data-id=\"193\">Basreflexl\u00e5dan <\/a>d\u00e4remot b\u00f6r ha s\u00e5 lite d\u00e4mpmaterial som m\u00f6jligt. Speciellt viktigt \u00e4r att luftstr\u00f6mmen kring <a href=\"https:\/\/drkrupp.se\/hifi\/hogtalarlador\/basreflexroret\/\" data-type=\"page\" data-id=\"216\">porten <\/a>inte hindras. Om baselementet anv\u00e4nds h\u00f6gre upp i frekvens, kan man ha mer d\u00e4mpning direkt bakom konen och mindre i resten av l\u00e5dan.<\/p>\n\n\n\n<p class=\"wp-block-paragraph\">I basl\u00e5dor som \u00e4r avsedda enbart f\u00f6r mycket l\u00e5ga frekvenser (subwoofer) beh\u00f6vs i allm\u00e4nhet inget d\u00e4mpmaterial alls. Detta av tv\u00e5 sk\u00e4l. F\u00f6r det f\u00f6rsta \u00e4r l\u00e5dan i allm\u00e4nhet betydligt mindre \u00e4n v\u00e5gl\u00e4ngden p\u00e5 de frekvenser som ska \u00e5terges. Det inneb\u00e4r att inga st\u00f6rande resonanser kan uppst\u00e5. F\u00f6r det andra blir alla d\u00e4mpmaterial mindre effektiva vid l\u00e4gre frekvenser. Det \u00e4r med andra ord verkningsl\u00f6st att ha d\u00e4mpning i en l\u00e5da f\u00f6r renodlad djupbas.<\/p>\n\n\n\n<p class=\"wp-block-paragraph\">En vanlig fr\u00e5ga \u00e4r om d\u00e4mpmaterialet ska r\u00e4knas in i l\u00e5dans volym. Svaret \u00e4r oftast nej. D\u00e4mpvadden \u00e4r inte luftt\u00e4t och tar d\u00e4rf\u00f6r inte upp n\u00e5gon volym i l\u00e5dan.<\/p>\n","protected":false},"excerpt":{"rendered":"<p>Hem > H\u00f6gtalarl\u00e5dor > D\u00e4mpning Det \u00e4r inte bara h\u00f6gtalarelementets Q-v\u00e4rde som styr d\u00e4mpningen i en l\u00e5da. Fylls l\u00e5dan i st\u00f6rre eller mindre grad med n\u00e5gon form av d\u00e4mpmaterial kan ljudkarakt\u00e4ren p\u00e5verkas. Den d\u00e4mpning som fyllningen utg\u00f6r, adderas till den elektriska d\u00e4mpningen (Q-v\u00e4rdet). Om d\u00e4mpning Som d\u00e4mpmaterial anv\u00e4nds l\u00e4mpligen den speciella vadd som finns att [&hellip;]<\/p>\n","protected":false},"author":1,"featured_media":0,"parent":184,"menu_order":0,"comment_status":"closed","ping_status":"closed","template":"","meta":{"slim_seo":{"title":"D\u00e4mpning - Hur Hifi - H&auml;r l&auml;r du dig att bygga dina egna h&ouml;gtalare, dina egna delningsfilter och l&aring;dkonstruktioner","description":"Hem > H\u00f6gtalarl\u00e5dor > D\u00e4mpning Det \u00e4r inte bara h\u00f6gtalarelementets Q-v\u00e4rde som styr d\u00e4mpningen i en l\u00e5da. Fylls l\u00e5dan i st\u00f6rre eller mindre grad med n\u00e5gon form"},"footnotes":""},"class_list":["post-218","page","type-page","status-publish","hentry"],"_links":{"self":[{"href":"https:\/\/drkrupp.se\/hifi\/wp-json\/wp\/v2\/pages\/218","targetHints":{"allow":["GET"]}}],"collection":[{"href":"https:\/\/drkrupp.se\/hifi\/wp-json\/wp\/v2\/pages"}],"about":[{"href":"https:\/\/drkrupp.se\/hifi\/wp-json\/wp\/v2\/types\/page"}],"author":[{"embeddable":true,"href":"https:\/\/drkrupp.se\/hifi\/wp-json\/wp\/v2\/users\/1"}],"replies":[{"embeddable":true,"href":"https:\/\/drkrupp.se\/hifi\/wp-json\/wp\/v2\/comments?post=218"}],"version-history":[{"count":6,"href":"https:\/\/drkrupp.se\/hifi\/wp-json\/wp\/v2\/pages\/218\/revisions"}],"predecessor-version":[{"id":772,"href":"https:\/\/drkrupp.se\/hifi\/wp-json\/wp\/v2\/pages\/218\/revisions\/772"}],"up":[{"embeddable":true,"href":"https:\/\/drkrupp.se\/hifi\/wp-json\/wp\/v2\/pages\/184"}],"wp:attachment":[{"href":"https:\/\/drkrupp.se\/hifi\/wp-json\/wp\/v2\/media?parent=218"}],"curies":[{"name":"wp","href":"https:\/\/api.w.org\/{rel}","templated":true}]}}