{"id":228,"date":"2025-09-14T15:10:52","date_gmt":"2025-09-14T13:10:52","guid":{"rendered":"https:\/\/drkrupp.se\/hifi\/?page_id=228"},"modified":"2025-09-27T22:16:36","modified_gmt":"2025-09-27T20:16:36","slug":"kantreflektioner","status":"publish","type":"page","link":"https:\/\/drkrupp.se\/hifi\/hogtalarlador\/kantreflektioner\/","title":{"rendered":"Kantreflektioner"},"content":{"rendered":"\n<p class=\"has-small-font-size wp-block-paragraph\"><a href=\"https:\/\/drkrupp.se\/hifi\/\" data-type=\"page\" data-id=\"10\">Hem<\/a> > <a href=\"https:\/\/drkrupp.se\/hifi\/hogtalarlador\/\" data-type=\"page\" data-id=\"184\">H\u00f6gtalarl\u00e5dor<\/a> > Kantreflektioner<\/p>\n\n\n\n<p class=\"is-style-text-annotation has-accent-3-background-color has-background is-style-text-annotation--1 wp-block-paragraph\">Man vill ju bygga en s\u00e5 prydlig l\u00e5da som m\u00f6jligt, och ett l\u00e4mpligt alternativ \u00e4r att kl\u00e4 l\u00e5dans front med ett snyggt tyg. Men hur konstigt det \u00e4n kan l\u00e5ta, s\u00e5 kan det p\u00e5verka ljudet&#8230;<\/p>\n\n\n\n<p class=\"wp-block-paragraph\">Det absolut s\u00e4msta man kan g\u00f6ra av en fyrkantig l\u00e5da med parallella v\u00e4ggar \u00e4r en h\u00f6gtalare, s\u00e4gs det. Visserligen \u00e4r p\u00e5st\u00e5endet tillspetsat men inte helt fel. 99 procent av alla h\u00f6gtalare g\u00f6rs p\u00e5 det viset. Orsaken \u00e4r givetvis ekonomisk, och d\u00e4rf\u00f6r tillverkas de flesta h\u00f6gtalare p\u00e5 det enklaste, s\u00e4msta och d\u00e4rmed billigaste viset. H\u00f6gtalare beh\u00f6ver inte n\u00f6dv\u00e4ndigtvis vara fyrkantiga 2-v\u00e4gs basreflexer med standardelement.<\/p>\n\n\n\n<p class=\"wp-block-paragraph\">Det har l\u00e4nge varit k\u00e4nt hur en h\u00f6gtalarl\u00e5da ska se ut f\u00f6r att diffraktioner (kantreflektioner) ska minimeras.&nbsp; Kantreflektioner p\u00e5verkar n\u00e4mligen en h\u00f6gtalares fas- och frekvensg\u00e5ng. Ett h\u00f6gtalarelement sprider inte bara ljud r\u00e4tt fram utan ocks\u00e5 \u00e5t sidorna, som cirkelb\u00e5gar. Om halva v\u00e5gl\u00e4ngden \u00e4r mindre \u00e4n avst\u00e5ndet till en kant p\u00e5 fronten, kommer ljudet till lyssnaren dels direkt men ocks\u00e5 efter en vall, eller studs, p\u00e5 fronten. Men d\u00e5 fasvridet i f\u00f6rh\u00e5llande till det direkta ljudet. D\u00e4rmed sl\u00e4cks direktljudet ut vid vissa frekvenser, och frekvenskurvan ser ut som svansen p\u00e5 ett elakt troll. Givetvis blir perspektiv\u00e5tergivningen s\u00e4mre och musiken grumligare.<\/p>\n\n\n\n<p class=\"wp-block-paragraph\">Detta \u00e4r diffraktion. Detta \u00e4r ett problem, och det har varit k\u00e4nt l\u00e4nge. Problemen \u00e4r st\u00f6rst i mellanregistret. Basen \u00e4r rundstr\u00e5lande och p\u00e5verkas inte av frontens form s\u00e5vida den senare inte \u00e4r gigantisk. I \u00f6vre diskanten str\u00e5lar elementet r\u00e4tt fram, f\u00f6ljaktligen inga kantv\u00e5gsproblem.<\/p>\n\n\n\n<p class=\"wp-block-paragraph\"><strong>Den teoretiskt s\u00e4msta h\u00f6gtalaren<\/strong>&nbsp;ur det h\u00e4r perspektivet har en cirkelrund front med ett element mitt i tjur\u00f6gat. D\u00e5 har elementet lika l\u00e5ngt till alla kanter och diffraktionerna blir entydiga.&nbsp;<br>Den n\u00e4st v\u00e4rsta h\u00f6gtalaren har en kvadratisk front med elementet placerat i mitten. Sitter elementet osymmetriskt placerat blir besv\u00e4ren mindre.<\/p>\n\n\n\n<p class=\"wp-block-paragraph\">Om nu fronten m\u00e5ste vara fyrkantig, \u00e4r det b\u00e4ttre om den \u00e4r avl\u00e5ng. Och d\u00e5 med osymmetriskt placerat element s\u00e5 att alla avst\u00e5nd blir olika i f\u00f6rh\u00e5llande till kanterna. En annan f\u00f6rb\u00e4ttring \u00e4r att fasa av alla kanter ordentligt s\u00e5 att frontarean minimeras. Men den optimala l\u00e5dformen \u00e4r klotet.<\/p>\n\n\n\n<p class=\"wp-block-paragraph\"><strong>Om l\u00e5dan nu m\u00e5ste vara fyrkantig, finns vissa tumregler att h\u00e5lla sig till<\/strong>. G\u00f6r ingen sida mer \u00e4n tre g\u00e5nger en annan. En s\u00e5n l\u00e5da kan fungera som en resonanspipa. Om minsta m\u00e5ttet \u00e4r 20 cm f\u00e5r st\u00f6rsta m\u00e5ttet max vara 20 x 3 = 60 cm. L\u00e4mpliga dimensionsf\u00f6rh\u00e5llanden \u00e4r 0.6 : 1 : 1.62, det vill s\u00e4ga 0,6 enheter djup, 1 enhet bred och 1,62 enheter h\u00f6g som exempel. Om l\u00e5dan m\u00e5ste g\u00f6ras l\u00e4ngre p\u00e5 ett h\u00e5ll, kan den delas av inv\u00e4ndigt med en mellanv\u00e4gg.<\/p>\n\n\n\n<p class=\"wp-block-paragraph\"><strong>Det h\u00e4r med tyg eller annat skyddande material framf\u00f6r h\u00f6gtalarna<\/strong>&nbsp;kan man ha olika uppfattningar om. Man kan tro att tyget har en negativ inverkan p\u00e5 ljudet, vilket bl a g\u00f6r att m\u00e5nga som vill testa en h\u00f6gtalare noggrant alltid b\u00f6rjar med att avl\u00e4gsna tygfronten. Beroende p\u00e5 hur konstrukt\u00f6ren inkorporerat tygfronten i konstruktionen, kan det h\u00e4r bli alldeles galet. Det \u00e4r inte tyget som s\u00e5dant som \u00e4r n\u00e5got problem, vilket de flesta tror. Ett modernt tunt h\u00f6gtalartyg kan som mest \u00e5stadkomma en d\u00e4mpning p\u00e5 2 dB uppe vid 20 000 Hz. Vid l\u00e4gre frekvenser f\u00f6rekommer ingen d\u00e4mpning. D\u00e4remot har oftast den ram som tyget \u00e4r sp\u00e4nt p\u00e5, en inre kant kring elementen. Vid denna kant uppst\u00e5r en rej\u00e4l kantreflektion, vilken resulterar i interferenser och oregelbundenheter i omr\u00e5det kring 10 000 Hz. Frekvensvariationerna kan uppn\u00e5 till 8 dB.<\/p>\n\n\n\n<p class=\"wp-block-paragraph\">N\u00e5, \u00e4r det inte bra d\u00e5 att ta bort tygramen innan man b\u00f6rjar spela? Jo, det \u00e4r det, i alla fall d\u00e4r elementen \u00e4r snyggt inf\u00e4llda i frontplanet, och tygramen ligger ovanp\u00e5 det hela med sina reflekterande kanter. Men om elementen \u00e4r monterade utan inf\u00e4llning, och tygramens tjocklek \u00e4r anpassad till tjockleken hos elementkanterna, d\u00e5 finns det inga reflekterande kanter n\u00e4r tyget sitter p\u00e5. Tar man bort tyget, s\u00e5 fril\u00e4gger man skarpa kanter kring elementen, och d\u00e4r har vi diffraktionsproblem igen, troligen h\u00f6rbara f\u00f6r sk\u00e4rpta \u00f6ron.<\/p>\n\n\n\n<h2 class=\"wp-block-heading\">Niv\u00e5\u00f6kning p\u00e5 grund av baffeln<\/h2>\n\n\n\n<p class=\"wp-block-paragraph\">Baffeln har som sagt en f\u00f6rm\u00e5ga att reflektera ljudet, och resultatet blir m\u00e4rkbart framf\u00f6rallt i mellanregistret.<\/p>\n\n\n\n<figure class=\"wp-block-image size-full\"><img loading=\"lazy\" decoding=\"async\" width=\"462\" height=\"263\" src=\"https:\/\/drkrupp.se\/hifi\/wp-content\/uploads\/2025\/09\/frekvens_baffelstigning.gif\" alt=\"Frekvensg\u00e5ng niv\u00e5\u00f6kning p\u00e5 grund av baffeln\" class=\"wp-image-558\"\/><figcaption class=\"wp-element-caption\">Niv\u00e5\u00f6kning p\u00e5 grund av baffeln<\/figcaption><\/figure>\n\n\n\n<p class=\"wp-block-paragraph\">Teoretiskt sker en \u00f6kning av ljudniv\u00e5n med runt 6 dB. Var denna \u00f6kning uppst\u00e5r beror p\u00e5 l\u00e5dans form och dimensioner. Problemet kan r\u00e4ttas till med hj\u00e4lp av diverse l\u00e4nkar i delningsfiltret. \u00c5 andra sidan \u00e4r det mycket sv\u00e5rt att f\u00f6rutse effekten av detta fenomen, eftersom rummet l\u00e5dan placeras i kommer att bidra till \u00f6kade niv\u00e5er i djupbasen, vilket kan j\u00e4mna ut frekvensg\u00e5ngen.<\/p>\n","protected":false},"excerpt":{"rendered":"<p>Hem > H\u00f6gtalarl\u00e5dor > Kantreflektioner Man vill ju bygga en s\u00e5 prydlig l\u00e5da som m\u00f6jligt, och ett l\u00e4mpligt alternativ \u00e4r att kl\u00e4 l\u00e5dans front med ett snyggt tyg. Men hur konstigt det \u00e4n kan l\u00e5ta, s\u00e5 kan det p\u00e5verka ljudet&#8230; Det absolut s\u00e4msta man kan g\u00f6ra av en fyrkantig l\u00e5da med parallella v\u00e4ggar \u00e4r en [&hellip;]<\/p>\n","protected":false},"author":1,"featured_media":0,"parent":184,"menu_order":0,"comment_status":"closed","ping_status":"closed","template":"","meta":{"slim_seo":{"title":"Kantreflektioner - Hur Hifi - H&auml;r l&auml;r du dig att bygga dina egna h&ouml;gtalare, dina egna delningsfilter och l&aring;dkonstruktioner","description":"Hem > H\u00f6gtalarl\u00e5dor > Kantreflektioner Man vill ju bygga en s\u00e5 prydlig l\u00e5da som m\u00f6jligt, och ett l\u00e4mpligt alternativ \u00e4r att kl\u00e4 l\u00e5dans front med ett snyggt tyg."},"footnotes":""},"class_list":["post-228","page","type-page","status-publish","hentry"],"_links":{"self":[{"href":"https:\/\/drkrupp.se\/hifi\/wp-json\/wp\/v2\/pages\/228","targetHints":{"allow":["GET"]}}],"collection":[{"href":"https:\/\/drkrupp.se\/hifi\/wp-json\/wp\/v2\/pages"}],"about":[{"href":"https:\/\/drkrupp.se\/hifi\/wp-json\/wp\/v2\/types\/page"}],"author":[{"embeddable":true,"href":"https:\/\/drkrupp.se\/hifi\/wp-json\/wp\/v2\/users\/1"}],"replies":[{"embeddable":true,"href":"https:\/\/drkrupp.se\/hifi\/wp-json\/wp\/v2\/comments?post=228"}],"version-history":[{"count":5,"href":"https:\/\/drkrupp.se\/hifi\/wp-json\/wp\/v2\/pages\/228\/revisions"}],"predecessor-version":[{"id":777,"href":"https:\/\/drkrupp.se\/hifi\/wp-json\/wp\/v2\/pages\/228\/revisions\/777"}],"up":[{"embeddable":true,"href":"https:\/\/drkrupp.se\/hifi\/wp-json\/wp\/v2\/pages\/184"}],"wp:attachment":[{"href":"https:\/\/drkrupp.se\/hifi\/wp-json\/wp\/v2\/media?parent=228"}],"curies":[{"name":"wp","href":"https:\/\/api.w.org\/{rel}","templated":true}]}}