{"id":350,"date":"2025-09-20T14:44:38","date_gmt":"2025-09-20T12:44:38","guid":{"rendered":"https:\/\/drkrupp.se\/hifi\/?page_id=350"},"modified":"2025-09-27T15:15:17","modified_gmt":"2025-09-27T13:15:17","slug":"fragor-och-svar","status":"publish","type":"page","link":"https:\/\/drkrupp.se\/hifi\/ovrigt\/fragor-och-svar\/","title":{"rendered":"Fr\u00e5gor och svar"},"content":{"rendered":"\n<p class=\"has-small-font-size wp-block-paragraph\"><a href=\"https:\/\/drkrupp.se\/hifi\/\" data-type=\"page\" data-id=\"10\">Hem<\/a> > <a href=\"https:\/\/drkrupp.se\/hifi\/ovrigt\/\" data-type=\"page\" data-id=\"347\">\u00d6vrigt<\/a> > Fr\u00e5gor och svar<\/p>\n\n\n\n<p class=\"is-style-text-annotation has-accent-3-background-color has-background is-style-text-annotation--1 wp-block-paragraph\">H\u00e4r har jag lagt upp n\u00e5gra av de fr\u00e5gor som kommit:<\/p>\n\n\n\n<figure class=\"wp-block-image size-full\"><img loading=\"lazy\" decoding=\"async\" width=\"128\" height=\"128\" src=\"https:\/\/drkrupp.se\/hifi\/wp-content\/uploads\/2025\/09\/faq.png\" alt=\"\" class=\"wp-image-524\"\/><\/figure>\n\n\n\n<p class=\"wp-block-paragraph\"><strong>Fr\u00e5ga<\/strong>:<br><strong>Om man bortser fr\u00e5n att det verkar sv\u00e5rare att lyckas med en trev\u00e4gsh\u00f6gtalare \u00e4n tv\u00e5v\u00e4gs och bara ser till vad h\u00f6gtalarna kan prestera &#8211; \u00e4r n\u00e5gon konstruktion att f\u00f6redra? Rent spontant tycker jag att en trev\u00e4gs borde bli mer homogen och kunna \u00e5terge hela frekvensregister utan dalar och toppar.<\/strong><\/p>\n\n\n\n<p class=\"wp-block-paragraph\">Det finns f\u00f6rdelar och nackdelar med samtliga konstruktioner. Det \u00e4r v\u00e4l d\u00e4rf\u00f6r de finns, f\u00f6r att passa f\u00f6r alla \u00f6nskem\u00e5l. Det \u00e4r tex. l\u00e4ttare att finna element som passar ihop i en trev\u00e4gsh\u00f6gtalare, men det blir dyrare med det extra mellanregistret och de extra filterkomponenterna, som ocks\u00e5 bidrar med f\u00f6rluster i delningsfiltret osv.<\/p>\n\n\n\n<p class=\"wp-block-paragraph\"><strong>Fr\u00e5ga<\/strong>:<br><strong>Eftersom delningsfiltret kan v\u00e5lla en del f\u00f6rtret och kr\u00e4va ombyggnad &#8211; vad tycker du om att dra ut kablarna fr\u00e5n elementen och ha delningsfiltret utanf\u00f6r l\u00e5dan tills man \u00e4r n\u00f6jd (naturligtvis utan att g\u00f6ra n\u00e5got h\u00e5l f\u00f6r n\u00e5gon anslutningspanel)?<\/strong><br><br>Varf\u00f6r inte bygga in en l\u00e5da p\u00e5 baksidan, som \u00e4r \u00f6ppen ut\u00e5t, d\u00e4r filtret sitter. D\u00e5 kan du koppla om till det l\u00e5ter bra, och sedan bomma igen med en plexiglasskiva, s\u00e5 blir det snyggt ocks\u00e5.<br>Sj\u00e4lv har jag alltid litat p\u00e5 mina ber\u00e4kningar, och byggt in filtret fr\u00e5n b\u00f6rjan (vilket man \u00e5ngrat ibland).<\/p>\n\n\n\n<p class=\"wp-block-paragraph\"><strong>Fr\u00e5ga<\/strong>:<br><strong>Du skriver p\u00e5 din sajt att elementen b\u00f6r placeras asymmetriskt p\u00e5 baffeln. P\u00e5 en annan sida sade man i lodlinje. N\u00e4stan alla k\u00f6peh\u00f6gtalare och de byggsatser som presenteras av Hifikit eller ljudia har ju den senare konstruktionen &#8211; varf\u00f6r?<\/strong><br><br>Detta kanske kan vara id\u00e9 att ta upp p\u00e5 HiFisidan. Det \u00e4r ett \u00e4mne som kan fylla flera sidor. F\u00f6rdelar och nackdelar som alltid&#8230;<br>Generellt kan man s\u00e4ga att en punkformad ljudk\u00e4lla ger den mest v\u00e4ldefinierade ljudbilden. Om ljudk\u00e4llan \u00e4r mer utbredd, som den blir med fler \u00e4n ett element, f\u00f6rs\u00e4mras stereobilden. Elementen b\u00f6r allts\u00e5 placeras s\u00e5 n\u00e4ra varandra som m\u00f6jligt. Ju h\u00f6gre upp i frekvens, desto viktigare. Om elementen placeras i en lodlinje blir den vertikala spridningen mindre, vilket ger en b\u00e4ttre stereobild. Om elementen placeras osymmetriskt minskas dock de akustiska resonanserna i l\u00e5dan och kantreflektonerna p\u00e5 baffeln. Det b\u00e4sta \u00e4r att prova sig fram. Du \u00e4r det ju inte s\u00e5 l\u00e4tt om man inte har obegr\u00e4nsat med pengar, men om du bygger p\u00e5 ett s\u00e4tt den h\u00e4r g\u00e5ngen, kan du bygga p\u00e5 ett annat s\u00e4tt n\u00e4sta g\u00e5ng. Det \u00e4r s\u00e5 vi f\u00e5r erfarenhet.<\/p>\n\n\n\n<p class=\"wp-block-paragraph\"><strong>Fr\u00e5ga<\/strong>:<br><strong>S\u00e4g att jag har en h\u00f6gtalare som \u00e4r ungef\u00e4r en meter h\u00f6g med en volym p\u00e5 ca 60 liter vilket g\u00f6r baffeln ganska s\u00e5 stor. Har det betydelse vart p\u00e5 baffeln jag placerar elementen &#8211; mitt p\u00e5, h\u00f6gt eller l\u00e5gt?<\/strong><br><br>En stor baffel ger mycket kantreflektioner. Det \u00e4r d\u00e4rf\u00f6r du kan se stora, smala l\u00e5dor, d\u00e4r basen \u00e4r placerad p\u00e5 sidan, och \u00f6vriga element p\u00e5 en smal baffel (ett tips). Men om du bara ska ha en bas och en diskant, f\u00f6resl\u00e5r jag att du placerar diskanten s\u00e5 h\u00f6gt upp som m\u00f6jligt, och sedan basen t\u00e4tt under. F\u00f6rs\u00f6k att bygga l\u00e5dan s\u00e5 att diskanten hamnar n\u00e5got \u00f6ver eller under lyssningspositionen (dvs. d\u00e4r du har \u00f6ronen n\u00e4r du sitter och lyssnar).<\/p>\n\n\n\n<p class=\"wp-block-paragraph\"><strong>Fr\u00e5ga<\/strong>:<br><strong>Jag har funderat p\u00e5 om det har n\u00e5gon betydelse om man v\u00e4ljer b\u00e5da sina elementtyper fr\u00e5n samma tillverkare. Har det n\u00e5gon f\u00f6rdel. Anpassar tillverkare sina element till varandra s\u00e5 att om jag kan hitta bra diskanter och basar ifr\u00e5n samma st\u00e4lle s\u00e5 \u00e4r det att f\u00f6redra?<\/strong><br><br>Det r\u00e5der delade meningar om det. Varje tillverkare vill ju f\u00e5 oss att tro att deras element passar b\u00e4st ihop. Men ibland har kanske har en tillverkare v\u00e4ldigt bra baselement, medan en annan \u00e4r b\u00e4ttre p\u00e5 diskanter. D\u00e5 \u00e4r det b\u00e4ttre att blanda fabrikat. Tjuvkika g\u00e4rna p\u00e5 redan byggda konstruktioner i tidningar och andra st\u00e4llen d\u00e4r det avsl\u00f6jas vilka element som anv\u00e4nts. p\u00e5 s\u00e5 s\u00e4tt kan man f\u00e5 ett hum om vilka som \u00e4r bra p\u00e5 vilka omr\u00e5den.<\/p>\n\n\n\n<p class=\"wp-block-paragraph\"><strong>Fr\u00e5ga<\/strong>:<br><strong>Jag har l\u00e4st om att om man s\u00e4tter in en port som \u00e4r konad s\u00e5 \u00e4r det en f\u00f6rdel gentemot en rak. Fr\u00e5gan \u00e4r d\u00e5 ska den vara konad i b\u00e5de \u00e4ndar eller bara ut ifr\u00e5n l\u00e5dan?<\/strong><br><br>Porten, eller &#8220;tratten&#8221; som man skulle kunna s\u00e4ga, minskar turbulensen som uppst\u00e5r vid de skarpa h\u00f6rnen (\u00e4ndarna) p\u00e5 r\u00f6ret, vilket minskar &#8220;bl\u00e5sljud&#8221;. Detta \u00e4r egentligen inget stort problem om du v\u00e4ljer r\u00e4tt r\u00f6rdimensioner, men vissa p\u00e5st\u00e5r att konade \u00e4ndar &#8220;l\u00e5ter b\u00e4ttre&#8221;. Hur som helst &#8211; om du vill anv\u00e4nda &#8220;trattar&#8221; b\u00f6r du ha det i b\u00e5da \u00e4ndarna.<br>Det finns f\u00e4rdiga trattar att k\u00f6pa, som helt enkelt monteras p\u00e5 det befintliga r\u00f6ret. Dessa \u00e4r &#8211; om jag inte misstar mig &#8211; 4 cm l\u00e5nga. Om du monterar en i varje \u00e4nde blir r\u00f6ret 8 cm l\u00e4ngre. Du m\u00e5ste allts\u00e5 kapa bort dessa 8 cm innan du monterar trattarna, f\u00f6r att r\u00f6ret ska beh\u00e5lla den l\u00e4ngd som du r\u00e4knat fram.<\/p>\n\n\n\n<p class=\"wp-block-paragraph\"><strong>Fr\u00e5ga<\/strong>:<br><strong>Vad jag har f\u00f6rst\u00e5tt av den info jag har hittat p\u00e5 n\u00e4tet s\u00e5 ska man helst fl\u00e4ta kablarna och helst d\u00e5 allihopa, \u00e4ven n\u00e4t och signalkablarna<\/strong><br><br>Detta \u00e4r verkligen \u00f6verkurs, och ger nog bara &#8220;underverk&#8221; i riktigt ordentliga anl\u00e4ggningar, om ens det.<br>H\u00f6gtalarkabeln har den sv\u00e5raste uppgiften. L\u00e5gniv\u00e5kabeln har det betydligt b\u00e4ttre f\u00f6rsp\u00e4nt eftersom de elektriska f\u00f6ruts\u00e4ttningarna mellan apparaterna \u00e4r mer v\u00e4ldefinierade. H\u00f6gtalarkabeln d\u00e4remot uts\u00e4tts f\u00f6r avsev\u00e4rda str\u00f6m- och sp\u00e4nningsf\u00f6rlopp och f\u00e5r finna sig i att kopplas samman med h\u00f6gst varierande och komplexa h\u00f6gtalarlaster. De elektriska parametrarna hos en h\u00f6gtalarkabel kommer d\u00e4rf\u00f6r alltid att p\u00e5verka ljudet mer \u00e4n l\u00e5gniv\u00e5kablarna. Gl\u00f6m d\u00e4rf\u00f6r s\u00e5 mycket som m\u00f6jligt om annat \u00e4n h\u00f6gtalarkabeln. \u00c4ven om m\u00e5nga teorier talar f\u00f6r, s\u00e5 visar m\u00e5nga s k blindtester att det \u00e4r sv\u00e5rare \u00e4n man tror, att peka ut den dyraste kabeln, \u00e4ven n\u00e4r det g\u00e4ller h\u00f6gtalarkabeln!<\/p>\n\n\n\n<p class=\"wp-block-paragraph\"><strong>Fr\u00e5ga<\/strong>:<br><strong>Hej&#8230; jag undrar hur jag vet att h\u00f6gtalarna sl\u00e5r \u00e5t r\u00e4tt h\u00e5ll!!<\/strong><br><br>&#8220;R\u00e4tt&#8221; h\u00e5ll \u00e4r fram\u00e5t. Har du kopplat r\u00e4tt ska de allts\u00e5 sl\u00e5 fram\u00e5t\/ut\u00e5t. Du kan kolla genom att koppla ett 1.5v-batteri p\u00e5 h\u00f6gtalarkabeln en kort stund. Denna &#8220;st\u00f6t&#8221; f\u00e5r h\u00f6gtalaren att r\u00f6ra konen.<\/p>\n\n\n\n<p class=\"wp-block-paragraph\"><strong>Fr\u00e5ga:<\/strong><br><strong>Kan man r\u00e4kna ut hur h\u00f6rt mina h\u00f6gtalare kommer att kunna spela?<\/strong><br><br>I teorin fungerar denna formel:<br>K = K\u00e4nsligheten i dB 1m\/1w<br>P = Anv\u00e4nd effekt eller effektt\u00e5lighet<br>Max dB = K + 10 x Log(P)<\/p>\n\n\n\n<p class=\"wp-block-paragraph\"><strong>Fr\u00e5ga:<\/strong><br><strong>Programmet visar att mina basar har tv\u00e5 impedans toppar, en vid 20 tror jag och en vid 50 Hz, dessa toppar g\u00e5r upp till 24 ohm. Varf\u00f6r?<\/strong><br><br>Detta \u00e4r helt normalt f\u00f6r basreflexl\u00e5dor. Det finns s\u00e4tt att bek\u00e4mpa impedanstopparna, men fr\u00e5gan \u00e4r om det l\u00f6nar sig. De tv\u00e5 topparna \u00e4r fr\u00e5n b\u00f6rjan en ensam topp. N\u00e4r du stoppar in ett r\u00f6r i basreflexl\u00e5dan kommer detta att p\u00e5verka impedanstoppen, och impedansen sjunker. Allts\u00e5, precis mitt emellan dina tv\u00e5 toppar, d\u00e4r har du avst\u00e4mningsfrekvensen f\u00f6r r\u00f6ret.<\/p>\n\n\n\n<p class=\"wp-block-paragraph\"><strong>Fr\u00e5ga:<\/strong><br><strong>Jag har en 12 tums bas p\u00e5 200watt max och med 8 ohms impedans. Men jag kan inte spela h\u00f6gt alls innan basen sl\u00e5r i botten och l\u00e5ter illa!<\/strong><br><br>F\u00f6r det f\u00f6rsta: St\u00e4ll baskontrollen p\u00e5 0, allts\u00e5 i standardl\u00e4ge. F\u00f6rst\u00e4rkaren blir l\u00e4tt \u00f6verbelastad n\u00e4r den kr\u00e4vs p\u00e5 en v\u00e4ldig massa effekt i basen. Om du fortfarande inte kan spela h\u00f6gt, kan det bero p\u00e5 en felbyggd l\u00e5da.<\/p>\n\n\n\n<p class=\"wp-block-paragraph\"><strong>Fr\u00e5ga:<\/strong><br><strong>Jag undra hur ljudet kan komma ut ur en h\u00f6gtalare?<\/strong><br><br>Vibrationer fr\u00e5n elementens membran s\u00e4tter luften i r\u00f6relse, vilket vi uppfattar som ljud.<\/p>\n\n\n\n<p class=\"wp-block-paragraph\"><strong>Fr\u00e5ga:<\/strong><br><strong>Signalkabeln som g\u00e5r mellan CD-spelaren och f\u00f6rst\u00e4rkaren, spelar det n\u00e5n roll vad man har f\u00f6r grovlek och kvalitet???<\/strong><br><br>Om din nuvarande kabel inte \u00e4r av h\u00f6g kvalitet, rekommenderar jag att du skaffar en b\u00e4ttre, eller \u00e5tminstone provar\/l\u00e5nar hem en b\u00e4ttre s\u00e5 att du kan prova innan du l\u00e4gger ut en massa pengar. L\u00e5gniv\u00e5signalen \u00e4r inte lika k\u00e4nslig som tex. h\u00f6gniv\u00e5signalen (h\u00f6gtalarkabeln), s\u00e5 skillnaden kanske inte blir s\u00e5 stor som man r\u00e4knat med alla g\u00e5nger, men visst kan det vara v\u00e4rt att byta!<\/p>\n\n\n\n<p class=\"wp-block-paragraph\"><strong>Fr\u00e5ga:<\/strong><br><strong>Varf\u00f6r ska tv\u00e5 basar i samma luftutrymme ha samma signal (mono)?<\/strong><br><br><strong>Svar:<\/strong><br>Om tv\u00e5 baselement sitter i samma l\u00e5dvolym, och spelar en stereosignal, kan den ena basens konutslag p\u00e5verka den andras, och tv\u00e4rt om. Vid l\u00e5ga frekvenser \u00e4r det dock ovanligt med stereosignal, men man b\u00f6r \u00e4nd\u00e5 separera elementen om de ska spela i stereo.<\/p>\n\n\n\n<p class=\"wp-block-paragraph\"><strong>Fr\u00e5ga:<\/strong><br><strong>Kan man bygga ett filter med olika Branthet?<\/strong><br><strong>T.ex.. 12db\/oktav till diskant och mellanregister och 6db\/oktav till basen?<\/strong><br><br>Ja. Det \u00e4r vanligt att man anv\u00e4nder 6 dB branthet till basen, och 12 dB<br>i diskanten. Ju l\u00e4gre branthet, desto b\u00e4ttre resultat, brukar man p\u00e5st\u00e5.<br>Det beror dock lite p\u00e5 hur elementen fungerar. Ofta m\u00e5ste man ta till<br>kraftigare branthet.<\/p>\n\n\n\n<p class=\"wp-block-paragraph\"><strong>Fr\u00e5ga:<\/strong><br><strong>Jag kan inte riktigt h\u00e5lla med dig om att porten skall sitta p\u00e5 framsidan, p\u00e5 samma sida som baselementen. Enligt min personliga bed\u00f6mning s\u00e5 tycker jag att basen l\u00e5ter b\u00e4st med porten p\u00e5 bakv\u00e4ggen. Vad kan det finnas f\u00f6r nackdelar?<\/strong><br><br>Nackdelarna med att placera porten p\u00e5 baksidan \u00e4r som sagt tidsfelen som uppst\u00e5r mellan element och r\u00f6r. R\u00f6ret \u00e4r t\u00e4nkt som ett komplement till baselementet vid l\u00e5da frekvenser. Det \u00e4r d\u00e5 l\u00e4mpligast att placera det n\u00e4ra elementet, f\u00f6r att samspelet ska bli optimalt.<br>Resonanser fr\u00e5n elementets baksida kan ibland h\u00f6ras genom porten, varf\u00f6r man kanske vill g\u00f6mma undan den lite.<\/p>\n\n\n\n<p class=\"wp-block-paragraph\"><strong>Fr\u00e5ga:<\/strong><br><strong>Kan man m\u00e4ta impedans p\u00e5 en h\u00f6gtalare med ett vanligt &#8220;universal-instrument&#8221;?<\/strong><br><br>Du kan inte m\u00e4ta impedansen, eftersom den \u00e4r ett genomsnitt av v\u00e4xelstr\u00f6msresistansen vid alla frekvenser. Du kan dock m\u00e4ta likstr\u00f6msresistansen, som brukar vara runt 25 % l\u00e4gre \u00e4n impedansen.<\/p>\n\n\n\n<p class=\"wp-block-paragraph\"><strong>Fr\u00e5ga:<\/strong><br><strong>Jag har l\u00e4nge undrat vad distorsion \u00e4r och hur det uppst\u00e5r. Jag har f\u00e5tt klart f\u00f6r mig att det \u00e4r f\u00f6rst\u00e4rkaren som \u00f6verbelastas och inte klarar av att leverera den effekt som kr\u00e4vs f\u00f6r att spela upp vissa frekvenser vid en viss ljudniv\u00e5. Men vad \u00e4r det som H\u00c4NDER INUTI F\u00d6RST\u00c4RKAREN n\u00e4r den &#8220;klipper&#8221; frekvenserna???<\/strong><br><br>En enkel f\u00f6rklaring:<br>I st\u00e4rkaren finns en transformator och en eller flera kondensatorer. Tranformatorn ser till att ladda upp kondensatorerna, och kondensatorerna f\u00f6rs\u00f6rjer resten av st\u00e4rkaren med sp\u00e4nning och str\u00f6m. Om kondensatorerna t\u00f6ms helt, t ex vid stora effektuttag, b\u00f6rjar st\u00e4rkaren att leverera likstr\u00f6m, och &#8220;klippning&#8221; uppst\u00e5r. Detta kan skada b\u00e5de f\u00f6rst\u00e4rkaren och h\u00f6gtalarna allvarligt.<br>Detta kan uppst\u00e5 om t ex det bara sitter en kondensator under skalet (alternativt att den \u00e4r f\u00f6r stor), och transformatorn inte hinner ladda upp den i tid. Eller om kondensatornerna \u00e4r f\u00f6r sm\u00e5 i lagringskapacitet<\/p>\n\n\n\n<p class=\"wp-block-paragraph\"><strong>Fr\u00e5ga:<\/strong><br><strong>Varf\u00f6r finns det h\u00f6gtalare med olika ohm-tal. Enligt min logik vore det v\u00e4l logiskt att konstruera en h\u00f6gtalare med s\u00e5 l\u00e5gt ohm-tal som m\u00f6jligt, s\u00e5 att verkningsgraden inte blir l\u00e4gre \u00e4n vad den redan \u00e4r. Vad skulle h\u00e4nda inne i f\u00f6rst\u00e4rkaren om man hade en (teoretiskt sett) h\u00f6gtalare&nbsp;<\/strong><br><strong>utan impedans? Det borde v\u00e4l g\u00e5 att j\u00e4mf\u00f6ra med att inte ha n\u00e5gra h\u00f6gtalare inkopplade alls, och varf\u00f6r \u00e4r det s\u00e5 farligt att inte ha n\u00e5gra h\u00f6gtalare inkopplade alls till f\u00f6rst\u00e4rkaren n\u00e4r man spelar musik?<\/strong><br><br>Ju l\u00e4gre inpedans, desto mer effekt ut slutsteget. I teorin! I praktiken kr\u00e4ver det att slutsteget \u00e4r kapabelt att leverera lika mycket str\u00f6m vid alla impedanser. N\u00e5got som f\u00e5 f\u00f6rst\u00e4rkare klarar. I st\u00e4llet &#8220;klipper&#8221; st\u00e4rkaren. Ju l\u00e4gre impedans, desto h\u00e5rdare pressas f\u00f6rst\u00e4rkaren, och distorsion, minskad d\u00e4mpfaktor, etc, \u00e4r resultatet. Ingen impedans alla, dvs 0 ohm, \u00e4r detsamma som kortslutning av h\u00f6gtalarkablarna. N\u00e5got som inte alls \u00e4r bra.<\/p>\n\n\n\n<p class=\"wp-block-paragraph\"><strong>Fr\u00e5ga:<\/strong><br><strong>Jag h\u00e5ller p\u00e5 att bygga ett par h\u00f6gtalare, d\u00e4r basen har k\u00e4nsligheten 90 dB, mellanreg. 88, och diskanten 90.<\/strong>&nbsp;<strong>Hur g\u00f6r jag f\u00f6r att f\u00e5 samma k\u00e4nslighet hos alla 3 elementen?<\/strong><br><br>Till att b\u00f6rja med b\u00f6r du dra av 3 dB p\u00e5 basens k\u00e4nslighet, eftersom de m\u00e4ter den i omr\u00e5det 200 &#8211; 2000 Hz, och k\u00e4nsligheten \u00e4r n\u00e5got l\u00e4gre d\u00e4r under. Allts\u00e5, 90 &#8211; 3 = 87 dB. Sen \u00e4r det bara att d\u00e4mpa ner de \u00f6vriga elementen till 87 dB. Nu \u00e4r det lite on\u00f6digt att d\u00e4mpa mellanregistret om det bara beh\u00f6ver d\u00e4mpas 1 dB. Du d\u00e4mpar allts\u00e5 inte mellanregistret, men diskanten b\u00f6r d\u00e4mpas 2-3 dB.<\/p>\n\n\n\n<p class=\"wp-block-paragraph\"><strong>Fr\u00e5ga:<\/strong><br><strong>Jag har handlat ett par billiga bash\u00f6gtalare p\u00e5 ett \u00f6verskottslager. Det st\u00e5r 200w, 91dB&#8230; Jag visade dem f\u00f6r en kompis som \u00e4r r\u00e4tt duktig p\u00e5 s\u00e5nt h\u00e4r, och han sa det att det inte kan vara 200w. p\u00e5 dessa h\u00f6gtalare p.g.a. alldeles f\u00f6r sm\u00e5 magneter. Man brukar ofta skriva ett st\u00f6rre antal watt \u00e4n vad dem egentligen \u00e4r, sa han. Vad tror du?<\/strong><br><br>De har uppt\u00e4ckt att &#8220;watt&#8221; \u00e4r ett bra s\u00e4ljargument, och g\u00f6r vad som&nbsp;helst f\u00f6r att &#8220;skr\u00e4mma upp&#8221; wattsiffrorna. Det kan t ex vara s\u00e5 att&nbsp;elementet matats med en 1 kHz tonst\u00f6t i 1 ms och med 200 watt &#8211; och den&nbsp;h\u00f6ll!&nbsp;<br>Normalt klarar en h\u00f6gtalare en ganska h\u00f6g effekt rent elektriskt sett.&nbsp;Det dr\u00f6jer innan talspolen sm\u00e4lter!&nbsp;Men betydligt mindre effekt kr\u00e4vs f\u00f6r att g\u00e5 \u00f6ver gr\u00e4nsen f\u00f6r&nbsp;h\u00f6gtalarens maximala konutslag. Har d\u00e5 dina h\u00f6gtalare en svag magnet, \u00e4r&nbsp;det troligt att den inte kommer att h\u00e5lla m\u00e5ttet!&nbsp;<\/p>\n\n\n\n<p class=\"wp-block-paragraph\">Att magneten \u00e4r liten betyder inte automatiskt att den \u00e4r svag!! Det&nbsp;finns flera utm\u00e4rkta (och dyra) material att g\u00f6ra magneter med d\u00e4r de&nbsp;blir mycket starka. P\u00e5 det viset kan man allts\u00e5 minska storleken p\u00e5&nbsp;magneten med bibeh\u00e5llen styrka.&nbsp;<br>I ditt fall kan man dock konstatera att magneten troligvis inte \u00e4r av&nbsp;st\u00f6rre kvalitet, d\u00e5 priset \u00e4r l\u00e5gt. Magneten \u00e4r den dyraste delen i&nbsp;h\u00f6gtalaren, och en kraftfull bas blir d\u00e5 automatiskt dyr.&nbsp;<\/p>\n\n\n\n<p class=\"wp-block-paragraph\"><strong>Fr\u00e5ga:<\/strong><br><strong>Min f\u00f6rst\u00e4rkare \u00e4r p\u00e5&nbsp; 120 watt. M\u00e5ste jag skaffa 120 w h\u00f6gtalare?<\/strong><br><br>Nej. Det \u00e4r inte i f\u00f6rsta hand elektriskt som elementet p\u00e5frestas, utan mekaniskt. Se till att elementet har en h\u00f6g slagl\u00e4ngd. \u00c4ven i en korrekt byggd l\u00e5da kan elementen n\u00e5 utanf\u00f6r omr\u00e5det f\u00f6r normal slagl\u00e4ngd.&nbsp;<\/p>\n\n\n\n<p class=\"wp-block-paragraph\"><strong>Fr\u00e5ga:<\/strong><br><strong>Mina diskanter har en effektt\u00e5lighet p\u00e5 30 watt. Hur kommer det sig att de inte brinner upp n\u00e4r jag spelar h\u00f6gt?<\/strong><br><br>Signalen kommer att delas upp p\u00e5 det antal element du har kopplade till f\u00f6rst\u00e4rkarkanalen. Generellt f\u00f6r 3-v\u00e4gssystem g\u00e4ller: Av hundra watt ut kommer 70 watt till basen, 20 w till mellanregistret och 10 till diskanten.&nbsp;\u00c4ven de d\u00e4mpningar som ofta anv\u00e4nds p\u00e5 diskanter bidrar till \u00f6kad effektt\u00e5lighet.&nbsp;<\/p>\n\n\n\n<p class=\"wp-block-paragraph\"><strong>Fr\u00e5ga:<\/strong><br><strong>G\u00e5r det att anv\u00e4nda bilh\u00f6gtalare inomhus, och vise versa?<\/strong><br><br>Ja, bilbas inomhus fungerar bra, dock \u00e4r det inte alltid s\u00e4kert att en inneh\u00f6gtalare t\u00e5l de temperaturv\u00e4xlingar som sker i en bil p g a v\u00e5ra \u00e5rstider.<\/p>\n","protected":false},"excerpt":{"rendered":"<p>Hem > \u00d6vrigt > Fr\u00e5gor och svar H\u00e4r har jag lagt upp n\u00e5gra av de fr\u00e5gor som kommit: Fr\u00e5ga:Om man bortser fr\u00e5n att det verkar sv\u00e5rare att lyckas med en trev\u00e4gsh\u00f6gtalare \u00e4n tv\u00e5v\u00e4gs och bara ser till vad h\u00f6gtalarna kan prestera &#8211; \u00e4r n\u00e5gon konstruktion att f\u00f6redra? Rent spontant tycker jag att en trev\u00e4gs borde [&hellip;]<\/p>\n","protected":false},"author":1,"featured_media":0,"parent":347,"menu_order":0,"comment_status":"closed","ping_status":"closed","template":"","meta":{"slim_seo":{"title":"Fr\u00e5gor och svar - Hur Hifi - H&auml;r l&auml;r du dig att bygga dina egna h&ouml;gtalare, dina egna delningsfilter och l&aring;dkonstruktioner","description":"Hem > \u00d6vrigt > Fr\u00e5gor och svar H\u00e4r har jag lagt upp n\u00e5gra av de fr\u00e5gor som kommit: Fr\u00e5ga : Om man bortser fr\u00e5n att det verkar sv\u00e5rare att lyckas med en trev\u00e4gsh"},"footnotes":""},"class_list":["post-350","page","type-page","status-publish","hentry"],"_links":{"self":[{"href":"https:\/\/drkrupp.se\/hifi\/wp-json\/wp\/v2\/pages\/350","targetHints":{"allow":["GET"]}}],"collection":[{"href":"https:\/\/drkrupp.se\/hifi\/wp-json\/wp\/v2\/pages"}],"about":[{"href":"https:\/\/drkrupp.se\/hifi\/wp-json\/wp\/v2\/types\/page"}],"author":[{"embeddable":true,"href":"https:\/\/drkrupp.se\/hifi\/wp-json\/wp\/v2\/users\/1"}],"replies":[{"embeddable":true,"href":"https:\/\/drkrupp.se\/hifi\/wp-json\/wp\/v2\/comments?post=350"}],"version-history":[{"count":6,"href":"https:\/\/drkrupp.se\/hifi\/wp-json\/wp\/v2\/pages\/350\/revisions"}],"predecessor-version":[{"id":919,"href":"https:\/\/drkrupp.se\/hifi\/wp-json\/wp\/v2\/pages\/350\/revisions\/919"}],"up":[{"embeddable":true,"href":"https:\/\/drkrupp.se\/hifi\/wp-json\/wp\/v2\/pages\/347"}],"wp:attachment":[{"href":"https:\/\/drkrupp.se\/hifi\/wp-json\/wp\/v2\/media?parent=350"}],"curies":[{"name":"wp","href":"https:\/\/api.w.org\/{rel}","templated":true}]}}